{"id":2169,"date":"2024-08-28T07:53:43","date_gmt":"2024-08-28T07:53:43","guid":{"rendered":"https:\/\/wp.createlli.com\/lequipe\/"},"modified":"2026-03-09T14:48:08","modified_gmt":"2026-03-09T14:48:08","slug":"lequipe","status":"publish","type":"page","link":"https:\/\/createlli.com\/fr\/lequipe\/","title":{"rendered":"L&rsquo;\u00e9quipe"},"content":{"rendered":"\t\t<div data-elementor-type=\"wp-page\" data-elementor-id=\"2169\" class=\"elementor elementor-2169 elementor-803\" data-elementor-post-type=\"page\">\n\t\t\t\t<div class=\"elementor-element elementor-element-a56c391 e-con-full e-flex e-con e-parent\" data-id=\"a56c391\" data-element_type=\"container\" id=\"next\">\n\t\t\t\t<div class=\"elementor-element elementor-element-32c431dd elementor-widget elementor-widget-heading\" data-id=\"32c431dd\" data-element_type=\"widget\" data-widget_type=\"heading.default\">\n\t\t\t\t<div class=\"elementor-widget-container\">\n\t\t\t\t\t<h3 class=\"elementor-heading-title elementor-size-default\">Notre \u00e9quipe<\/h3>\t\t\t\t<\/div>\n\t\t\t\t<\/div>\n\t\t\t\t<div class=\"elementor-element elementor-element-264eb0a elementor-widget elementor-widget-heading\" data-id=\"264eb0a\" data-element_type=\"widget\" data-widget_type=\"heading.default\">\n\t\t\t\t<div class=\"elementor-widget-container\">\n\t\t\t\t\t<p class=\"elementor-heading-title elementor-size-default\">Combiner diff\u00e9rentes expertises pour relever les d\u00e9fis de la participation<\/p>\t\t\t\t<\/div>\n\t\t\t\t<\/div>\n\t\t\t\t<div class=\"elementor-element elementor-element-1d7e839 elementor-widget elementor-widget-heading\" data-id=\"1d7e839\" data-element_type=\"widget\" data-widget_type=\"heading.default\">\n\t\t\t\t<div class=\"elementor-widget-container\">\n\t\t\t\t\t<h2 class=\"elementor-heading-title elementor-size-default\">Bureau d'Anvers<\/h2>\t\t\t\t<\/div>\n\t\t\t\t<\/div>\n\t\t<div class=\"elementor-element elementor-element-c0c300a e-con-full e-flex e-con e-child\" data-id=\"c0c300a\" data-element_type=\"container\">\n\t\t<div class=\"elementor-element elementor-element-275deb98 e-con-full e-flex e-con e-child\" data-id=\"275deb98\" data-element_type=\"container\">\n\t\t\t\t<div class=\"elementor-element elementor-element-673ab532 elementor-position-top elementor-widget elementor-widget-image-box\" data-id=\"673ab532\" data-element_type=\"widget\" data-widget_type=\"image-box.default\">\n\t\t\t\t<div class=\"elementor-widget-container\">\n\t\t\t\t\t<div class=\"elementor-image-box-wrapper\"><figure class=\"elementor-image-box-img\"><a href=\"#\" tabindex=\"-1\"><img fetchpriority=\"high\" decoding=\"async\" width=\"440\" height=\"440\" src=\"https:\/\/createlli.com\/wp-content\/uploads\/2024\/08\/JAN.jpg\" class=\"elementor-animation-grow attachment-full size-full wp-image-1936\" alt=\"Jan De Kezel - participation expert\" srcset=\"https:\/\/createlli.com\/wp-content\/uploads\/2024\/08\/JAN.jpg 440w, https:\/\/createlli.com\/wp-content\/uploads\/2024\/08\/JAN-300x300.jpg 300w, https:\/\/createlli.com\/wp-content\/uploads\/2024\/08\/JAN-150x150.jpg 150w\" sizes=\"(max-width: 440px) 100vw, 440px\" \/><\/a><\/figure><div class=\"elementor-image-box-content\"><p class=\"elementor-image-box-description\">Jan est le fondateur et partenaire de Createlli, avec 30 ans d'exp\u00e9rience. Il guide des projets stimulants en tant que strat\u00e8ge et facilitateur, mais il accepte aussi volontiers un r\u00f4le de soutien. Son objectif est de rassembler les contributions de nombreuses parties prenantes dans un projet commun. C'est ce qu'il a fait dans le cadre de projets li\u00e9s \u00e0 l'am\u00e9nagement du territoire, au climat, au d\u00e9veloppement durable et \u00e0 la mobilit\u00e9 en Belgique, en Espagne, en France et aux Pays-Bas. En outre, il est responsable du d\u00e9veloppement d'outils num\u00e9riques, qu'il consid\u00e8re comme l'un des principaux moyens d'impliquer davantage de personnes et de cr\u00e9er des connaissances pour les experts, les d\u00e9cideurs politiques et les citoyens. Jan parle le n\u00e9erlandais, l'anglais, le fran\u00e7ais et l'allemand.     <\/p><\/div><\/div>\t\t\t\t<\/div>\n\t\t\t\t<\/div>\n\t\t\t\t<\/div>\n\t\t<div class=\"elementor-element elementor-element-2c2f7f9a e-con-full e-flex e-con e-child\" data-id=\"2c2f7f9a\" data-element_type=\"container\">\n\t\t\t\t<div class=\"elementor-element elementor-element-7fb51cf4 elementor-position-top elementor-widget elementor-widget-image-box\" data-id=\"7fb51cf4\" data-element_type=\"widget\" data-widget_type=\"image-box.default\">\n\t\t\t\t<div class=\"elementor-widget-container\">\n\t\t\t\t\t<div class=\"elementor-image-box-wrapper\"><figure class=\"elementor-image-box-img\"><a href=\"#\" tabindex=\"-1\"><img decoding=\"async\" width=\"2320\" height=\"2320\" src=\"https:\/\/createlli.com\/wp-content\/uploads\/2024\/09\/Jan-V.jpg\" class=\"elementor-animation-grow attachment-full size-full wp-image-2026\" alt=\"Jan Vincke - participation expert\" srcset=\"https:\/\/createlli.com\/wp-content\/uploads\/2024\/09\/Jan-V.jpg 2320w, https:\/\/createlli.com\/wp-content\/uploads\/2024\/09\/Jan-V-300x300.jpg 300w, https:\/\/createlli.com\/wp-content\/uploads\/2024\/09\/Jan-V-1024x1024.jpg 1024w, https:\/\/createlli.com\/wp-content\/uploads\/2024\/09\/Jan-V-150x150.jpg 150w, https:\/\/createlli.com\/wp-content\/uploads\/2024\/09\/Jan-V-768x768.jpg 768w, https:\/\/createlli.com\/wp-content\/uploads\/2024\/09\/Jan-V-1536x1536.jpg 1536w, https:\/\/createlli.com\/wp-content\/uploads\/2024\/09\/Jan-V-2048x2048.jpg 2048w, https:\/\/createlli.com\/wp-content\/uploads\/2024\/09\/Jan-V-700x700.jpg 700w, https:\/\/createlli.com\/wp-content\/uploads\/2024\/09\/Jan-V-600x600.jpg 600w\" sizes=\"(max-width: 2320px) 100vw, 2320px\" \/><\/a><\/figure><div class=\"elementor-image-box-content\"><p class=\"elementor-image-box-description\">Jan est un partenaire et un facilitateur de processus avec 25 ans d'exp\u00e9rience. Chez Createlli, il d\u00e9finit le cadre des processus dans les domaines du d\u00e9veloppement spatial, du d\u00e9veloppement durable, de la mobilit\u00e9 et du d\u00e9veloppement de zones (innovantes). Il d\u00e9finit la strat\u00e9gie du processus, fa\u00e7onne les moments de participation et facilite les sessions de dialogue, qu'elles soient petites ou grandes. Il est particuli\u00e8rement passionn\u00e9 par la conception, le d\u00e9veloppement et l'accompagnement d'exp\u00e9riences d\u00e9mocratiques et de formes innovantes de collaboration. Il est convaincu qu'un dialogue de qualit\u00e9 contribue \u00e0 l'apprentissage mutuel, \u00e0 la compr\u00e9hension et \u00e0 l'\u00e9laboration de meilleures solutions. Dans son travail de facilitation, il encourage l'adoption de la propri\u00e9t\u00e9 partag\u00e9e. Jan parle le n\u00e9erlandais et l'anglais.      <\/p><\/div><\/div>\t\t\t\t<\/div>\n\t\t\t\t<\/div>\n\t\t\t\t<\/div>\n\t\t<div class=\"elementor-element elementor-element-12e93eda e-con-full e-flex e-con e-child\" data-id=\"12e93eda\" data-element_type=\"container\">\n\t\t\t\t<div class=\"elementor-element elementor-element-505a96a9 elementor-position-top elementor-widget elementor-widget-image-box\" data-id=\"505a96a9\" data-element_type=\"widget\" data-widget_type=\"image-box.default\">\n\t\t\t\t<div class=\"elementor-widget-container\">\n\t\t\t\t\t<div class=\"elementor-image-box-wrapper\"><figure class=\"elementor-image-box-img\"><a href=\"#\" tabindex=\"-1\"><img decoding=\"async\" width=\"440\" height=\"440\" src=\"https:\/\/createlli.com\/wp-content\/uploads\/2024\/08\/Guillaume-RZK.jpg\" class=\"elementor-animation-grow attachment-1536x1536 size-1536x1536 wp-image-2020\" alt=\"Guillaume - Participation consultant\" srcset=\"https:\/\/createlli.com\/wp-content\/uploads\/2024\/08\/Guillaume-RZK.jpg 440w, https:\/\/createlli.com\/wp-content\/uploads\/2024\/08\/Guillaume-RZK-300x300.jpg 300w, https:\/\/createlli.com\/wp-content\/uploads\/2024\/08\/Guillaume-RZK-150x150.jpg 150w\" sizes=\"(max-width: 440px) 100vw, 440px\" \/><\/a><\/figure><div class=\"elementor-image-box-content\"><p class=\"elementor-image-box-description\">Guillaume est consultant senior chez Createlli, sp\u00e9cialis\u00e9 dans la communication et la participation. Avec une formation en urbanisme et une approche pluridisciplinaire, il apporte une exp\u00e9rience internationale en mati\u00e8re de d\u00e9veloppement territorial strat\u00e9gique et de planification op\u00e9rationnelle. Son expertise s'\u00e9tend \u00e0 la gestion et \u00e0 la supervision de projets, ce qui lui permet de proposer des mod\u00e8les int\u00e9gr\u00e9s qui abordent les d\u00e9fis de mani\u00e8re globale \u00e0 chaque \u00e9tape d'un projet. Guillaume excelle dans le soutien \u00e0 la communication visuelle et l'accompagnement de processus participatifs, qu'il s'agisse de conf\u00e9rences, de programmes de formation ou d'initiatives de d\u00e9veloppement durable. Il parle couramment le fran\u00e7ais, l'anglais et le lituanien, ce qui fait de lui un atout pr\u00e9cieux pour notre \u00e9quipe diversifi\u00e9e.    <\/p><\/div><\/div>\t\t\t\t<\/div>\n\t\t\t\t<\/div>\n\t\t\t\t<\/div>\n\t\t<div class=\"elementor-element elementor-element-193e569 e-con-full e-flex e-con e-child\" data-id=\"193e569\" data-element_type=\"container\">\n\t\t\t\t<div class=\"elementor-element elementor-element-0fb1484 elementor-position-top elementor-widget elementor-widget-image-box\" data-id=\"0fb1484\" data-element_type=\"widget\" data-widget_type=\"image-box.default\">\n\t\t\t\t<div class=\"elementor-widget-container\">\n\t\t\t\t\t<div class=\"elementor-image-box-wrapper\"><figure class=\"elementor-image-box-img\"><a href=\"#\" tabindex=\"-1\"><img loading=\"lazy\" decoding=\"async\" width=\"440\" height=\"440\" src=\"https:\/\/createlli.com\/wp-content\/uploads\/2024\/08\/Fabio-1.jpg\" class=\"elementor-animation-grow attachment-full size-full wp-image-2022\" alt=\"Fabio Morales - participation consultant\" srcset=\"https:\/\/createlli.com\/wp-content\/uploads\/2024\/08\/Fabio-1.jpg 440w, https:\/\/createlli.com\/wp-content\/uploads\/2024\/08\/Fabio-1-300x300.jpg 300w, https:\/\/createlli.com\/wp-content\/uploads\/2024\/08\/Fabio-1-150x150.jpg 150w\" sizes=\"(max-width: 440px) 100vw, 440px\" \/><\/a><\/figure><div class=\"elementor-image-box-content\"><p class=\"elementor-image-box-description\">Fabio apporte son exp\u00e9rience en mati\u00e8re de gestion de l'innovation, de r\u00e9flexion sur la conception, de conception de services et de techniques de visualisation. Son expertise lui conf\u00e8re l'\u00e9tat d'esprit et les outils n\u00e9cessaires \u00e0 un travail participatif, cr\u00e9atif et de r\u00e9solution de probl\u00e8mes. Au cours des trois derni\u00e8res ann\u00e9es, Fabio a d\u00e9velopp\u00e9 ses comp\u00e9tences en mati\u00e8re de gestion de projet et de co-cr\u00e9ation, en travaillant en \u00e9troite collaboration avec diverses parties prenantes et en mettant l'accent sur l'inclusion des groupes cibles vuln\u00e9rables. Dans le cadre de ses fonctions, il supervise la production et la recherche sur le terrain pour les projets de participation en Belgique et soutient les initiatives de gestion des parties prenantes. En outre, Fabio contribue \u00e0 notre bo\u00eete \u00e0 outils de participation, am\u00e9liorant nos ressources pour un engagement efficace. Il parle couramment le n\u00e9erlandais et l'anglais.     <\/p><\/div><\/div>\t\t\t\t<\/div>\n\t\t\t\t<\/div>\n\t\t\t\t<\/div>\n\t\t\t\t<\/div>\n\t\t<div class=\"elementor-element elementor-element-32c4d6d e-con-full e-flex e-con e-child\" data-id=\"32c4d6d\" data-element_type=\"container\">\n\t\t<div class=\"elementor-element elementor-element-d986ef1 e-con-full e-flex e-con e-child\" data-id=\"d986ef1\" data-element_type=\"container\">\n\t\t\t\t<div class=\"elementor-element elementor-element-c9638bf elementor-position-top elementor-widget elementor-widget-image-box\" data-id=\"c9638bf\" data-element_type=\"widget\" data-widget_type=\"image-box.default\">\n\t\t\t\t<div class=\"elementor-widget-container\">\n\t\t\t\t\t<div class=\"elementor-image-box-wrapper\"><figure class=\"elementor-image-box-img\"><a href=\"#\" tabindex=\"-1\"><img loading=\"lazy\" decoding=\"async\" width=\"800\" height=\"800\" src=\"https:\/\/createlli.com\/wp-content\/uploads\/2024\/08\/Fien-Joos-ZW.jpeg\" class=\"elementor-animation-grow attachment-full size-full wp-image-1948\" alt=\"\" srcset=\"https:\/\/createlli.com\/wp-content\/uploads\/2024\/08\/Fien-Joos-ZW.jpeg 800w, https:\/\/createlli.com\/wp-content\/uploads\/2024\/08\/Fien-Joos-ZW-300x300.jpeg 300w, https:\/\/createlli.com\/wp-content\/uploads\/2024\/08\/Fien-Joos-ZW-150x150.jpeg 150w, https:\/\/createlli.com\/wp-content\/uploads\/2024\/08\/Fien-Joos-ZW-768x768.jpeg 768w, https:\/\/createlli.com\/wp-content\/uploads\/2024\/08\/Fien-Joos-ZW-600x600.jpeg 600w\" sizes=\"(max-width: 800px) 100vw, 800px\" \/><\/a><\/figure><div class=\"elementor-image-box-content\"><p class=\"elementor-image-box-description\">Fien est comp\u00e9tente en mati\u00e8re de conception graphique, de conception UX et de conception de services et d'espaces publics. Avec un master en d\u00e9veloppement de produits sp\u00e9cialis\u00e9 en strat\u00e9gie et design d'interaction, elle met l'accent sur l'innovation, la cr\u00e9ativit\u00e9 et la durabilit\u00e9 dans chaque projet. Fascin\u00e9e par l'avenir des espaces publics, Fien croit au r\u00f4le vital de la participation et de la cocr\u00e9ation pour fa\u00e7onner ces environnements. Elle contribue \u00e0 des projets sur le d\u00e9veloppement spatial, le climat et la mobilit\u00e9, excellant dans la cr\u00e9ation de visualisations, la conception de sites web, et fournissant un soutien pour les moments participatifs et les enqu\u00eates num\u00e9riques. En outre, Fien g\u00e8re nos canaux de m\u00e9dias sociaux et supervise les mises \u00e0 jour du site web. Elle parle couramment le n\u00e9erlandais et l'anglais.     <\/p><\/div><\/div>\t\t\t\t<\/div>\n\t\t\t\t<\/div>\n\t\t\t\t<\/div>\n\t\t<div class=\"elementor-element elementor-element-fb723f8 e-con-full e-flex e-con e-child\" data-id=\"fb723f8\" data-element_type=\"container\">\n\t\t\t\t<div class=\"elementor-element elementor-element-9930d80 elementor-position-top elementor-widget elementor-widget-image-box\" data-id=\"9930d80\" data-element_type=\"widget\" data-widget_type=\"image-box.default\">\n\t\t\t\t<div class=\"elementor-widget-container\">\n\t\t\t\t\t<div class=\"elementor-image-box-wrapper\"><figure class=\"elementor-image-box-img\"><a href=\"#\" tabindex=\"-1\"><img loading=\"lazy\" decoding=\"async\" width=\"1827\" height=\"1827\" src=\"https:\/\/createlli.com\/wp-content\/uploads\/2025\/09\/Luna.jpg\" class=\"elementor-animation-grow attachment-full size-full wp-image-6500\" alt=\"\" srcset=\"https:\/\/createlli.com\/wp-content\/uploads\/2025\/09\/Luna.jpg 1827w, https:\/\/createlli.com\/wp-content\/uploads\/2025\/09\/Luna-300x300.jpg 300w, https:\/\/createlli.com\/wp-content\/uploads\/2025\/09\/Luna-1024x1024.jpg 1024w, https:\/\/createlli.com\/wp-content\/uploads\/2025\/09\/Luna-150x150.jpg 150w, https:\/\/createlli.com\/wp-content\/uploads\/2025\/09\/Luna-768x768.jpg 768w, https:\/\/createlli.com\/wp-content\/uploads\/2025\/09\/Luna-1536x1536.jpg 1536w, https:\/\/createlli.com\/wp-content\/uploads\/2025\/09\/Luna-700x700.jpg 700w, https:\/\/createlli.com\/wp-content\/uploads\/2025\/09\/Luna-600x600.jpg 600w\" sizes=\"(max-width: 1827px) 100vw, 1827px\" \/><\/a><\/figure><div class=\"elementor-image-box-content\"><p class=\"elementor-image-box-description\">Luna, en tant que sociologue et urbaniste, accorde une attention particuli\u00e8re aux enjeux socio-spatiaux. Elle est convaincue que l\u2019impact le plus fort peut \u00eatre obtenu au niveau local, o\u00f9 l\u2019espace public joue un r\u00f4le cl\u00e9. Elle a acquis de l\u2019exp\u00e9rience dans ce domaine \u00e0 travers son m\u00e9moire de recherche sur les espaces verts du quartier Brugse Poort \u00e0 Gand, en soutenant le service Environnement de gouvernements communaux, et en facilitant des processus participatifs dans des projets d\u2019am\u00e9nagement du territoire et de mobilit\u00e9 \u00e0 Bilbao et dans ses environs. Forte de ce parcours, elle rejoint l\u2019\u00e9quipe de Createlli en tant que charg\u00e9e de projet, contribuant \u00e0 des projets en Belgique et en Espagne. Luna parle couramment le n\u00e9erlandais, l\u2019anglais et l\u2019espagnol.    <\/p><\/div><\/div>\t\t\t\t<\/div>\n\t\t\t\t<\/div>\n\t\t\t\t<\/div>\n\t\t<div class=\"elementor-element elementor-element-73f02e8b e-con-full e-flex e-con e-child\" data-id=\"73f02e8b\" data-element_type=\"container\">\n\t\t\t\t<div class=\"elementor-element elementor-element-76a94ec3 elementor-position-top elementor-widget elementor-widget-image-box\" data-id=\"76a94ec3\" data-element_type=\"widget\" data-widget_type=\"image-box.default\">\n\t\t\t\t<div class=\"elementor-widget-container\">\n\t\t\t\t\t<div class=\"elementor-image-box-wrapper\"><figure class=\"elementor-image-box-img\"><a href=\"#\" tabindex=\"-1\"><img loading=\"lazy\" decoding=\"async\" width=\"440\" height=\"440\" src=\"https:\/\/createlli.com\/wp-content\/uploads\/2026\/03\/Mirte-De-Ganck-Createlli.jpg\" class=\"elementor-animation-grow attachment-full size-full wp-image-7399\" alt=\"\" srcset=\"https:\/\/createlli.com\/wp-content\/uploads\/2026\/03\/Mirte-De-Ganck-Createlli.jpg 440w, https:\/\/createlli.com\/wp-content\/uploads\/2026\/03\/Mirte-De-Ganck-Createlli-300x300.jpg 300w, https:\/\/createlli.com\/wp-content\/uploads\/2026\/03\/Mirte-De-Ganck-Createlli-150x150.jpg 150w\" sizes=\"(max-width: 440px) 100vw, 440px\" \/><\/a><\/figure><div class=\"elementor-image-box-content\"><p class=\"elementor-image-box-description\">Mirte a une formation en histoire et en am\u00e9nagement du territoire, ce qui lui conf\u00e8re une forte approche analytique et un don pour voir la situation dans son ensemble dans chaque question spatiale. Au cours de son master en urbanisme et am\u00e9nagement du territoire, elle a travaill\u00e9 sur des projets qui ont permis de construire des r\u00e9cits spatiaux coh\u00e9rents et largement soutenus. Elle poss\u00e8de une connaissance approfondie de l'am\u00e9nagement du territoire, de la mobilit\u00e9, de la durabilit\u00e9 et des instruments spatiaux flamands. En tant que planificatrice spatiale au minist\u00e8re flamand de l'environnement, elle a contribu\u00e9 \u00e0 des plans de zonage \u00e0 grande \u00e9chelle. Avec une exp\u00e9rience ant\u00e9rieure en tant qu'enseignante, coordinatrice, d\u00e9veloppeuse de programmes d'\u00e9tudes et animatrice d'ateliers, Mirte combine des comp\u00e9tences douces et dures pour g\u00e9rer efficacement la communication et la participation en mati\u00e8re d'environnement. Elle parle couramment le n\u00e9erlandais, l'anglais et le fran\u00e7ais, ainsi qu'un peu d'espagnol.     <\/p><\/div><\/div>\t\t\t\t<\/div>\n\t\t\t\t<\/div>\n\t\t\t\t<\/div>\n\t\t<div class=\"elementor-element elementor-element-8cb44f3 e-con-full e-flex e-con e-child\" data-id=\"8cb44f3\" data-element_type=\"container\">\n\t\t\t\t<div class=\"elementor-element elementor-element-1e0642b elementor-position-top elementor-widget elementor-widget-image-box\" data-id=\"1e0642b\" data-element_type=\"widget\" data-widget_type=\"image-box.default\">\n\t\t\t\t<div class=\"elementor-widget-container\">\n\t\t\t\t\t<div class=\"elementor-image-box-wrapper\"><figure class=\"elementor-image-box-img\"><a href=\"#\" tabindex=\"-1\"><img loading=\"lazy\" decoding=\"async\" width=\"440\" height=\"440\" src=\"https:\/\/createlli.com\/wp-content\/uploads\/2024\/08\/iris-vande-walle.jpg\" class=\"elementor-animation-grow attachment-full size-full wp-image-2021\" alt=\"Participation consultant\" srcset=\"https:\/\/createlli.com\/wp-content\/uploads\/2024\/08\/iris-vande-walle.jpg 440w, https:\/\/createlli.com\/wp-content\/uploads\/2024\/08\/iris-vande-walle-300x300.jpg 300w, https:\/\/createlli.com\/wp-content\/uploads\/2024\/08\/iris-vande-walle-150x150.jpg 150w\" sizes=\"(max-width: 440px) 100vw, 440px\" \/><\/a><\/figure><div class=\"elementor-image-box-content\"><p class=\"elementor-image-box-description\">Iris est une gestionnaire d\u00e9vou\u00e9e qui se passionne pour l'autonomisation des citoyens afin qu'ils participent activement \u00e0 la soci\u00e9t\u00e9. Elle encourage les individus \u00e0 prendre des initiatives au sein de leurs communaut\u00e9s, leur permettant ainsi de contribuer et d'influencer les politiques. Iris excelle \u00e0 mettre en relation les organisations avec les citoyens et les partenaires, guid\u00e9e par les principes des biens communs, o\u00f9 le partage des ressources, des mat\u00e9riaux et des connaissances est fondamental. Chez Createlli, elle dirige et organise divers projets, supervise la gestion g\u00e9n\u00e9rale des processus et anime des ateliers. En plus de son r\u00f4le chez Createlli, Iris est \u00e9galement directrice commerciale de Comisol BV. Elle parle couramment l'anglais, le fran\u00e7ais et l'allemand et a une connaissance pratique de l'espagnol et de l'italien.     <\/p><\/div><\/div>\t\t\t\t<\/div>\n\t\t\t\t<\/div>\n\t\t\t\t<\/div>\n\t\t\t\t<\/div>\n\t\t<div class=\"elementor-element elementor-element-85a6f87 e-con-full e-flex e-con e-child\" data-id=\"85a6f87\" data-element_type=\"container\">\n\t\t<div class=\"elementor-element elementor-element-b6c98d7 e-con-full e-flex e-con e-child\" data-id=\"b6c98d7\" data-element_type=\"container\">\n\t\t\t\t<div class=\"elementor-element elementor-element-b8308d1 elementor-position-top elementor-widget elementor-widget-image-box\" data-id=\"b8308d1\" data-element_type=\"widget\" data-widget_type=\"image-box.default\">\n\t\t\t\t<div class=\"elementor-widget-container\">\n\t\t\t\t\t<div class=\"elementor-image-box-wrapper\"><figure class=\"elementor-image-box-img\"><a href=\"#\" tabindex=\"-1\"><img loading=\"lazy\" decoding=\"async\" width=\"2560\" height=\"2560\" src=\"https:\/\/createlli.com\/wp-content\/uploads\/2026\/01\/Irene-scaled.jpg\" class=\"elementor-animation-grow attachment-full size-full wp-image-7108\" alt=\"\" srcset=\"https:\/\/createlli.com\/wp-content\/uploads\/2026\/01\/Irene-scaled.jpg 2560w, https:\/\/createlli.com\/wp-content\/uploads\/2026\/01\/Irene-300x300.jpg 300w, https:\/\/createlli.com\/wp-content\/uploads\/2026\/01\/Irene-1024x1024.jpg 1024w, https:\/\/createlli.com\/wp-content\/uploads\/2026\/01\/Irene-150x150.jpg 150w, https:\/\/createlli.com\/wp-content\/uploads\/2026\/01\/Irene-768x768.jpg 768w, https:\/\/createlli.com\/wp-content\/uploads\/2026\/01\/Irene-1536x1536.jpg 1536w, https:\/\/createlli.com\/wp-content\/uploads\/2026\/01\/Irene-2048x2048.jpg 2048w, https:\/\/createlli.com\/wp-content\/uploads\/2026\/01\/Irene-700x700.jpg 700w, https:\/\/createlli.com\/wp-content\/uploads\/2026\/01\/Irene-600x600.jpg 600w\" sizes=\"(max-width: 2560px) 100vw, 2560px\" \/><\/a><\/figure><div class=\"elementor-image-box-content\"><p class=\"elementor-image-box-description\">Irene est architecte et poursuit actuellement un master en urbanisme, avec une sp\u00e9cialisation en d\u00e9veloppement durable. Originaire de San Sebasti\u00e1n, elle a v\u00e9cu \u00e0 Barcelone ces derni\u00e8res ann\u00e9es et vient de rejoindre l'\u00e9quipe d'Anvers en tant que stagiaire. Son parcours acad\u00e9mique et professionnel est large et multidisciplinaire, combinant l'architecture, l'urbanisme, la fabrication num\u00e9rique, l'administration publique et la gestion de la construction, ce qui lui a permis de s'adapter et de travailler dans des environnements vari\u00e9s. Son principal int\u00e9r\u00eat est de contribuer \u00e0 la cr\u00e9ation de villes plus inclusives et durables. Chez Createlli, elle soutiendra des projets participatifs et des enqu\u00eates num\u00e9riques. Elle parle espagnol, basque, anglais et catalan.     <\/p><\/div><\/div>\t\t\t\t<\/div>\n\t\t\t\t<\/div>\n\t\t\t\t<\/div>\n\t\t<div class=\"elementor-element elementor-element-2b9f0c4 e-con-full e-flex e-con e-child\" data-id=\"2b9f0c4\" data-element_type=\"container\">\n\t\t\t\t<\/div>\n\t\t<div class=\"elementor-element elementor-element-8ef8c93 e-con-full e-flex e-con e-child\" data-id=\"8ef8c93\" data-element_type=\"container\">\n\t\t\t\t<\/div>\n\t\t<div class=\"elementor-element elementor-element-abd3fdd e-con-full e-flex e-con e-child\" data-id=\"abd3fdd\" data-element_type=\"container\">\n\t\t\t\t<\/div>\n\t\t\t\t<\/div>\n\t\t\t\t<div class=\"elementor-element elementor-element-c152874 elementor-widget elementor-widget-heading\" data-id=\"c152874\" data-element_type=\"widget\" data-widget_type=\"heading.default\">\n\t\t\t\t<div class=\"elementor-widget-container\">\n\t\t\t\t\t<h2 class=\"elementor-heading-title elementor-size-default\">Bureau de Bilbao<\/h2>\t\t\t\t<\/div>\n\t\t\t\t<\/div>\n\t\t<div class=\"elementor-element elementor-element-b0c0d6a e-con-full e-flex e-con e-child\" data-id=\"b0c0d6a\" data-element_type=\"container\">\n\t\t<div class=\"elementor-element elementor-element-94a78fa e-con-full e-flex e-con e-child\" data-id=\"94a78fa\" data-element_type=\"container\">\n\t\t\t\t<div class=\"elementor-element elementor-element-ce3991d elementor-position-top elementor-widget elementor-widget-image-box\" data-id=\"ce3991d\" data-element_type=\"widget\" data-widget_type=\"image-box.default\">\n\t\t\t\t<div class=\"elementor-widget-container\">\n\t\t\t\t\t<div class=\"elementor-image-box-wrapper\"><figure class=\"elementor-image-box-img\"><a href=\"#\" tabindex=\"-1\"><img loading=\"lazy\" decoding=\"async\" width=\"440\" height=\"440\" src=\"https:\/\/createlli.com\/wp-content\/uploads\/2024\/08\/IRATI-1.jpg\" class=\"elementor-animation-grow attachment-full size-full wp-image-1970\" alt=\"Irati Alonso - Participation expert\" srcset=\"https:\/\/createlli.com\/wp-content\/uploads\/2024\/08\/IRATI-1.jpg 440w, https:\/\/createlli.com\/wp-content\/uploads\/2024\/08\/IRATI-1-300x300.jpg 300w, https:\/\/createlli.com\/wp-content\/uploads\/2024\/08\/IRATI-1-150x150.jpg 150w\" sizes=\"(max-width: 440px) 100vw, 440px\" \/><\/a><\/figure><div class=\"elementor-image-box-content\"><p class=\"elementor-image-box-description\">Irati travaille \u00e0 Creatteli depuis 2016. Elle est titulaire d'un master en architecture (San Sebastian, 2016) et d'un master en urbanisme et planification urbaine (Bilbao, 2017). Avant de rejoindre Createlli, Irati a travaill\u00e9 dans une soci\u00e9t\u00e9 de conseil. Ces derni\u00e8res ann\u00e9es, elle a men\u00e9 \u00e0 bien divers projets de participation et de dynamisation sociale, principalement li\u00e9s \u00e0 la planification urbaine. Elle a \u00e9galement de l'exp\u00e9rience dans l'application de processus de participation num\u00e9rique avec la plateforme Createlli. Ces derni\u00e8res ann\u00e9es, elle a travaill\u00e9 sur des projets d'engagement citoyen avec divers groupes sociaux tels que les enfants et les jeunes, les personnes \u00e2g\u00e9es, les entit\u00e9s locales et la perspective de genre. Irati parle le basque, l'espagnol et l'anglais.      <\/p><\/div><\/div>\t\t\t\t<\/div>\n\t\t\t\t<\/div>\n\t\t\t\t<\/div>\n\t\t<div class=\"elementor-element elementor-element-e929056 e-con-full e-flex e-con e-child\" data-id=\"e929056\" data-element_type=\"container\">\n\t\t\t\t<div class=\"elementor-element elementor-element-9a9acb7 elementor-position-top elementor-widget elementor-widget-image-box\" data-id=\"9a9acb7\" data-element_type=\"widget\" data-widget_type=\"image-box.default\">\n\t\t\t\t<div class=\"elementor-widget-container\">\n\t\t\t\t\t<div class=\"elementor-image-box-wrapper\"><figure class=\"elementor-image-box-img\"><a href=\"#\" tabindex=\"-1\"><img loading=\"lazy\" decoding=\"async\" width=\"440\" height=\"440\" src=\"https:\/\/createlli.com\/wp-content\/uploads\/2024\/08\/Jone2-1.jpg\" class=\"elementor-animation-grow attachment-full size-full wp-image-1968\" alt=\"\" srcset=\"https:\/\/createlli.com\/wp-content\/uploads\/2024\/08\/Jone2-1.jpg 440w, https:\/\/createlli.com\/wp-content\/uploads\/2024\/08\/Jone2-1-300x300.jpg 300w, https:\/\/createlli.com\/wp-content\/uploads\/2024\/08\/Jone2-1-150x150.jpg 150w\" sizes=\"(max-width: 440px) 100vw, 440px\" \/><\/a><\/figure><div class=\"elementor-image-box-content\"><p class=\"elementor-image-box-description\">Jone est titulaire d'un master en architecture, d'un dipl\u00f4me en p\u00e9riph\u00e9rie, durabilit\u00e9 et vitalit\u00e9 urbaine et d'un master en architecture paysag\u00e8re. Elle pr\u00e9pare actuellement une th\u00e8se de doctorat sur l'urbanisme inclusif, la participation et la conception durable. Jone est sp\u00e9cialis\u00e9e dans la participation \u00e0 la planification urbaine, au d\u00e9veloppement urbain et \u00e0 l'innovation sociale. Elle a 20 ans d'exp\u00e9rience en tant qu'architecte et 15 ans dans le domaine de la participation citoyenne. Ces derni\u00e8res ann\u00e9es, elle a r\u00e9alis\u00e9 plusieurs projets avec des enfants et des jeunes, ainsi que la promotion de l'entreprenariat, la m\u00e9diation dans les conflits entre citoyens et l'urbanisme de genre. Depuis 2015, Jone travaille en \u00e9troite collaboration avec Createlli Jone parle espagnol, basque, anglais et fran\u00e7ais.     <\/p><\/div><\/div>\t\t\t\t<\/div>\n\t\t\t\t<\/div>\n\t\t\t\t<\/div>\n\t\t<div class=\"elementor-element elementor-element-5a572c5 e-con-full e-flex e-con e-child\" data-id=\"5a572c5\" data-element_type=\"container\">\n\t\t\t\t<\/div>\n\t\t<div class=\"elementor-element elementor-element-ff6de3f e-con-full e-flex e-con e-child\" data-id=\"ff6de3f\" data-element_type=\"container\">\n\t\t\t\t<\/div>\n\t\t\t\t<\/div>\n\t\t\t\t<div class=\"elementor-element elementor-element-07a1dc5 elementor-widget elementor-widget-heading\" data-id=\"07a1dc5\" data-element_type=\"widget\" data-widget_type=\"heading.default\">\n\t\t\t\t<div class=\"elementor-widget-container\">\n\t\t\t\t\t<h2 class=\"elementor-heading-title elementor-size-default\">Bureau de Delhi<\/h2>\t\t\t\t<\/div>\n\t\t\t\t<\/div>\n\t\t<div class=\"elementor-element elementor-element-319cebc e-con-full e-flex e-con e-child\" data-id=\"319cebc\" data-element_type=\"container\">\n\t\t<div class=\"elementor-element elementor-element-b44beb0 e-con-full e-flex e-con e-child\" data-id=\"b44beb0\" data-element_type=\"container\">\n\t\t\t\t<div class=\"elementor-element elementor-element-c38af88 elementor-position-top elementor-widget elementor-widget-image-box\" data-id=\"c38af88\" data-element_type=\"widget\" data-widget_type=\"image-box.default\">\n\t\t\t\t<div class=\"elementor-widget-container\">\n\t\t\t\t\t<div class=\"elementor-image-box-wrapper\"><figure class=\"elementor-image-box-img\"><a href=\"#\" tabindex=\"-1\"><img loading=\"lazy\" decoding=\"async\" width=\"387\" height=\"388\" src=\"https:\/\/createlli.com\/wp-content\/uploads\/2024\/09\/Ashish.jpg\" class=\"elementor-animation-grow attachment-full size-full wp-image-2557\" alt=\"Ashish Verma - Developer\" srcset=\"https:\/\/createlli.com\/wp-content\/uploads\/2024\/09\/Ashish.jpg 387w, https:\/\/createlli.com\/wp-content\/uploads\/2024\/09\/Ashish-300x300.jpg 300w, https:\/\/createlli.com\/wp-content\/uploads\/2024\/09\/Ashish-150x150.jpg 150w\" sizes=\"(max-width: 387px) 100vw, 387px\" \/><\/a><\/figure><div class=\"elementor-image-box-content\"><p class=\"elementor-image-box-description\">Ashish dirige notre \u00e9quipe de d\u00e9veloppement \u00e0 Delhi. Il a un dipl\u00f4me universitaire en informatique et 9 ans d'exp\u00e9rience internationale (Inde, Chine, Myanmar et Japon) dans le d\u00e9veloppement d'applications web et de plateformes collaboratives avant de rejoindre Createlli en 2014. \u00c0 quoi pouvez-vous vous attendre lorsque vous travaillez avec Ashish ? Il aime les d\u00e9fis techniques et surprend souvent avec des solutions innovantes et des id\u00e9es qui sortent des sentiers battus. Au sein de Createlli, Ashish d\u00e9veloppe les outils et plateformes num\u00e9riques. Ashish parle couramment l'anglais, l'hindi et le japonais.     <\/p><\/div><\/div>\t\t\t\t<\/div>\n\t\t\t\t<\/div>\n\t\t\t\t<\/div>\n\t\t<div class=\"elementor-element elementor-element-bbc4eb9 e-con-full e-flex e-con e-child\" data-id=\"bbc4eb9\" data-element_type=\"container\">\n\t\t\t\t<div class=\"elementor-element elementor-element-47c60c7 elementor-position-top elementor-widget elementor-widget-image-box\" data-id=\"47c60c7\" data-element_type=\"widget\" data-widget_type=\"image-box.default\">\n\t\t\t\t<div class=\"elementor-widget-container\">\n\t\t\t\t\t<div class=\"elementor-image-box-wrapper\"><figure class=\"elementor-image-box-img\"><a href=\"#\" tabindex=\"-1\"><img loading=\"lazy\" decoding=\"async\" width=\"440\" height=\"440\" src=\"https:\/\/createlli.com\/wp-content\/uploads\/2024\/08\/Vishant-square-1.jpg\" class=\"elementor-animation-grow attachment-full size-full wp-image-1971\" alt=\"Vishant Verma - Developer digital participation\" srcset=\"https:\/\/createlli.com\/wp-content\/uploads\/2024\/08\/Vishant-square-1.jpg 440w, https:\/\/createlli.com\/wp-content\/uploads\/2024\/08\/Vishant-square-1-300x300.jpg 300w, https:\/\/createlli.com\/wp-content\/uploads\/2024\/08\/Vishant-square-1-150x150.jpg 150w\" sizes=\"(max-width: 440px) 100vw, 440px\" \/><\/a><\/figure><div class=\"elementor-image-box-content\"><p class=\"elementor-image-box-description\">Vishant est dipl\u00f4m\u00e9 en informatique et travaille comme d\u00e9veloppeur dans notre \u00e9quipe de Delhi depuis 2016. Il participe au d\u00e9veloppement de nos outils num\u00e9riques et de notre plateforme. Vishant parle hindi et anglais.  <\/p><\/div><\/div>\t\t\t\t<\/div>\n\t\t\t\t<\/div>\n\t\t\t\t<\/div>\n\t\t<div class=\"elementor-element elementor-element-603f053 e-con-full e-flex e-con e-child\" data-id=\"603f053\" data-element_type=\"container\">\n\t\t\t\t<\/div>\n\t\t<div class=\"elementor-element elementor-element-5c45636 e-con-full e-flex e-con e-child\" data-id=\"5c45636\" data-element_type=\"container\">\n\t\t\t\t<\/div>\n\t\t\t\t<\/div>\n\t\t\t\t<\/div>\n\t\t\t\t<\/div>\n\t\t","protected":false},"excerpt":{"rendered":"<p>Notre \u00e9quipe Combiner diff\u00e9rentes expertises pour relever les d\u00e9fis de la participation Bureau d&rsquo;Anvers Jan est le fondateur et partenaire de Createlli, avec 30 ans d&rsquo;exp\u00e9rience. Il guide des projets stimulants en tant que strat\u00e8ge et facilitateur, mais il accepte aussi volontiers un r\u00f4le de soutien. Son objectif est de rassembler les contributions de nombreuses [&hellip;]<\/p>\n","protected":false},"author":1,"featured_media":0,"parent":0,"menu_order":0,"comment_status":"closed","ping_status":"closed","template":"elementor_theme","meta":{"_acf_changed":false,"ocean_post_layout":"full-width","ocean_both_sidebars_style":"","ocean_both_sidebars_content_width":0,"ocean_both_sidebars_sidebars_width":0,"ocean_sidebar":"","ocean_second_sidebar":"","ocean_disable_margins":"enable","ocean_add_body_class":"","ocean_shortcode_before_top_bar":"","ocean_shortcode_after_top_bar":"","ocean_shortcode_before_header":"","ocean_shortcode_after_header":"","ocean_has_shortcode":"","ocean_shortcode_after_title":"","ocean_shortcode_before_footer_widgets":"","ocean_shortcode_after_footer_widgets":"","ocean_shortcode_before_footer_bottom":"","ocean_shortcode_after_footer_bottom":"","ocean_display_top_bar":"default","ocean_display_header":"default","ocean_header_style":"","ocean_center_header_left_menu":"","ocean_custom_header_template":"","ocean_custom_logo":0,"ocean_custom_retina_logo":0,"ocean_custom_logo_max_width":0,"ocean_custom_logo_tablet_max_width":0,"ocean_custom_logo_mobile_max_width":0,"ocean_custom_logo_max_height":0,"ocean_custom_logo_tablet_max_height":0,"ocean_custom_logo_mobile_max_height":0,"ocean_header_custom_menu":"","ocean_menu_typo_font_family":"","ocean_menu_typo_font_subset":"","ocean_menu_typo_font_size":0,"ocean_menu_typo_font_size_tablet":0,"ocean_menu_typo_font_size_mobile":0,"ocean_menu_typo_font_size_unit":"px","ocean_menu_typo_font_weight":"","ocean_menu_typo_font_weight_tablet":"","ocean_menu_typo_font_weight_mobile":"","ocean_menu_typo_transform":"","ocean_menu_typo_transform_tablet":"","ocean_menu_typo_transform_mobile":"","ocean_menu_typo_line_height":0,"ocean_menu_typo_line_height_tablet":0,"ocean_menu_typo_line_height_mobile":0,"ocean_menu_typo_line_height_unit":"","ocean_menu_typo_spacing":0,"ocean_menu_typo_spacing_tablet":0,"ocean_menu_typo_spacing_mobile":0,"ocean_menu_typo_spacing_unit":"","ocean_menu_link_color":"","ocean_menu_link_color_hover":"","ocean_menu_link_color_active":"","ocean_menu_link_background":"","ocean_menu_link_hover_background":"","ocean_menu_link_active_background":"","ocean_menu_social_links_bg":"","ocean_menu_social_hover_links_bg":"","ocean_menu_social_links_color":"","ocean_menu_social_hover_links_color":"","ocean_disable_title":"on","ocean_disable_heading":"default","ocean_post_title":"","ocean_post_subheading":"","ocean_post_title_style":"","ocean_post_title_background_color":"","ocean_post_title_background":0,"ocean_post_title_bg_image_position":"","ocean_post_title_bg_image_attachment":"","ocean_post_title_bg_image_repeat":"","ocean_post_title_bg_image_size":"","ocean_post_title_height":0,"ocean_post_title_bg_overlay":0.5,"ocean_post_title_bg_overlay_color":"","ocean_disable_breadcrumbs":"default","ocean_breadcrumbs_color":"","ocean_breadcrumbs_separator_color":"","ocean_breadcrumbs_links_color":"","ocean_breadcrumbs_links_hover_color":"","ocean_display_footer_widgets":"default","ocean_display_footer_bottom":"default","ocean_custom_footer_template":"","ofc_meta_disable_footer_callout":"","ofc_meta_callout_button_url":"","ofc_meta_callout_button_txt":"","ofc_meta_callout_text":"","ofc_enable_fullscreen":"disable","ofc_fullscreen_speed":0,"ofc_fullscreen_nav":"enable","ofc_fullscreen_nav_pos":"right","ofc_fullscreen_nav_color":"","ofc_fullscreen_nav_tooltip_color":"","ofc_fullscreen_responsive":0,"osh_disable_topbar_sticky":"default","osh_disable_header_sticky":"default","osh_sticky_header_style":"default","osh_sticky_header_effect":"","osh_custom_sticky_logo":0,"osh_custom_retina_sticky_logo":0,"osh_custom_sticky_logo_height":0,"osh_background_color":"","osh_links_color":"","osh_links_hover_color":"","osh_links_active_color":"","osh_links_bg_color":"","osh_links_hover_bg_color":"","osh_links_active_bg_color":"","osh_menu_social_links_color":"","osh_menu_social_hover_links_color":"","footnotes":""},"class_list":["post-2169","page","type-page","status-publish","hentry","entry"],"acf":[],"yoast_head":"<!-- This site is optimized with the Yoast SEO plugin v25.9 - https:\/\/yoast.com\/wordpress\/plugins\/seo\/ -->\n<title>L&#039;\u00e9quipe - Createlli | Participation et co-cr\u00e9ation pour la conception d&#039;espaces publics<\/title>\n<meta name=\"description\" content=\"Rencontrez l&#039;\u00e9quipe Createlli, qui combine diff\u00e9rentes expertises pour relever les d\u00e9fis de la participation. D\u00e9couvrez comment nos experts engagent les citoyens et les parties prenantes \u00e0 fa\u00e7onner les espaces publics.\" \/>\n<meta name=\"robots\" content=\"index, follow, max-snippet:-1, max-image-preview:large, max-video-preview:-1\" \/>\n<link rel=\"canonical\" href=\"https:\/\/createlli.com\/fr\/lequipe\/\" \/>\n<meta property=\"og:locale\" content=\"fr_FR\" \/>\n<meta property=\"og:type\" content=\"article\" \/>\n<meta property=\"og:title\" content=\"L&#039;\u00e9quipe - Createlli | Participation et co-cr\u00e9ation pour la conception d&#039;espaces publics\" \/>\n<meta property=\"og:description\" content=\"Rencontrez l&#039;\u00e9quipe Createlli, qui combine diff\u00e9rentes expertises pour relever les d\u00e9fis de la participation. D\u00e9couvrez comment nos experts engagent les citoyens et les parties prenantes \u00e0 fa\u00e7onner les espaces publics.\" \/>\n<meta property=\"og:url\" content=\"https:\/\/createlli.com\/fr\/lequipe\/\" \/>\n<meta property=\"og:site_name\" content=\"Createlli | Participation et co-cr\u00e9ation pour la conception d&#039;espaces publics\" \/>\n<meta property=\"article:modified_time\" content=\"2026-03-09T14:48:08+00:00\" \/>\n<meta property=\"og:image\" content=\"https:\/\/createlli.com\/wp-content\/uploads\/2024\/08\/JAN.jpg\" \/>\n\t<meta property=\"og:image:width\" content=\"440\" \/>\n\t<meta property=\"og:image:height\" content=\"440\" \/>\n\t<meta property=\"og:image:type\" content=\"image\/jpeg\" \/>\n<meta name=\"twitter:card\" content=\"summary_large_image\" \/>\n<meta name=\"twitter:label1\" content=\"Dur\u00e9e de lecture estim\u00e9e\" \/>\n\t<meta name=\"twitter:data1\" content=\"8 minutes\" \/>\n<script type=\"application\/ld+json\" class=\"yoast-schema-graph\">{\"@context\":\"https:\/\/schema.org\",\"@graph\":[{\"@type\":\"WebPage\",\"@id\":\"https:\/\/createlli.com\/fr\/lequipe\/\",\"url\":\"https:\/\/createlli.com\/fr\/lequipe\/\",\"name\":\"L'\u00e9quipe - Createlli | Participation et co-cr\u00e9ation pour la conception d'espaces publics\",\"isPartOf\":{\"@id\":\"https:\/\/createlli.com\/#website\"},\"primaryImageOfPage\":{\"@id\":\"https:\/\/createlli.com\/fr\/lequipe\/#primaryimage\"},\"image\":{\"@id\":\"https:\/\/createlli.com\/fr\/lequipe\/#primaryimage\"},\"thumbnailUrl\":\"https:\/\/createlli.com\/wp-content\/uploads\/2024\/08\/JAN.jpg\",\"datePublished\":\"2024-08-28T07:53:43+00:00\",\"dateModified\":\"2026-03-09T14:48:08+00:00\",\"description\":\"Rencontrez l'\u00e9quipe Createlli, qui combine diff\u00e9rentes expertises pour relever les d\u00e9fis de la participation. D\u00e9couvrez comment nos experts engagent les citoyens et les parties prenantes \u00e0 fa\u00e7onner les espaces publics.\",\"breadcrumb\":{\"@id\":\"https:\/\/createlli.com\/fr\/lequipe\/#breadcrumb\"},\"inLanguage\":\"fr-FR\",\"potentialAction\":[{\"@type\":\"ReadAction\",\"target\":[\"https:\/\/createlli.com\/fr\/lequipe\/\"]}]},{\"@type\":\"ImageObject\",\"inLanguage\":\"fr-FR\",\"@id\":\"https:\/\/createlli.com\/fr\/lequipe\/#primaryimage\",\"url\":\"https:\/\/createlli.com\/wp-content\/uploads\/2024\/08\/JAN.jpg\",\"contentUrl\":\"https:\/\/createlli.com\/wp-content\/uploads\/2024\/08\/JAN.jpg\"},{\"@type\":\"BreadcrumbList\",\"@id\":\"https:\/\/createlli.com\/fr\/lequipe\/#breadcrumb\",\"itemListElement\":[{\"@type\":\"ListItem\",\"position\":1,\"name\":\"Home\",\"item\":\"https:\/\/createlli.com\/fr\/accueil\/\"},{\"@type\":\"ListItem\",\"position\":2,\"name\":\"L&#8217;\u00e9quipe\"}]},{\"@type\":\"WebSite\",\"@id\":\"https:\/\/createlli.com\/#website\",\"url\":\"https:\/\/createlli.com\/\",\"name\":\"Createlli | Participation et co-cr\u00e9ation pour la conception d'espaces publics\",\"description\":\"Createlli sparks change through participation and co-creation, shaping society in spatial planning, mobility, climate, sustainability, and quality of life.\",\"publisher\":{\"@id\":\"https:\/\/createlli.com\/#organization\"},\"potentialAction\":[{\"@type\":\"SearchAction\",\"target\":{\"@type\":\"EntryPoint\",\"urlTemplate\":\"https:\/\/createlli.com\/?s={search_term_string}\"},\"query-input\":{\"@type\":\"PropertyValueSpecification\",\"valueRequired\":true,\"valueName\":\"search_term_string\"}}],\"inLanguage\":\"fr-FR\"},{\"@type\":\"Organization\",\"@id\":\"https:\/\/createlli.com\/#organization\",\"name\":\"Createlli | Participation et co-cr\u00e9ation pour la conception d'espaces publics\",\"url\":\"https:\/\/createlli.com\/\",\"logo\":{\"@type\":\"ImageObject\",\"inLanguage\":\"fr-FR\",\"@id\":\"https:\/\/createlli.com\/#\/schema\/logo\/image\/\",\"url\":\"https:\/\/createlli.com\/wp-content\/uploads\/2024\/08\/cropped-Createlli-logo-white_2.png\",\"contentUrl\":\"https:\/\/createlli.com\/wp-content\/uploads\/2024\/08\/cropped-Createlli-logo-white_2.png\",\"width\":144,\"height\":31,\"caption\":\"Createlli | Participation et co-cr\u00e9ation pour la conception d'espaces publics\"},\"image\":{\"@id\":\"https:\/\/createlli.com\/#\/schema\/logo\/image\/\"}}]}<\/script>\n<!-- \/ Yoast SEO plugin. -->","yoast_head_json":{"title":"L'\u00e9quipe - Createlli | Participation et co-cr\u00e9ation pour la conception d'espaces publics","description":"Rencontrez l'\u00e9quipe Createlli, qui combine diff\u00e9rentes expertises pour relever les d\u00e9fis de la participation. D\u00e9couvrez comment nos experts engagent les citoyens et les parties prenantes \u00e0 fa\u00e7onner les espaces publics.","robots":{"index":"index","follow":"follow","max-snippet":"max-snippet:-1","max-image-preview":"max-image-preview:large","max-video-preview":"max-video-preview:-1"},"canonical":"https:\/\/createlli.com\/fr\/lequipe\/","og_locale":"fr_FR","og_type":"article","og_title":"L'\u00e9quipe - Createlli | Participation et co-cr\u00e9ation pour la conception d'espaces publics","og_description":"Rencontrez l'\u00e9quipe Createlli, qui combine diff\u00e9rentes expertises pour relever les d\u00e9fis de la participation. D\u00e9couvrez comment nos experts engagent les citoyens et les parties prenantes \u00e0 fa\u00e7onner les espaces publics.","og_url":"https:\/\/createlli.com\/fr\/lequipe\/","og_site_name":"Createlli | Participation et co-cr\u00e9ation pour la conception d'espaces publics","article_modified_time":"2026-03-09T14:48:08+00:00","og_image":[{"width":440,"height":440,"url":"https:\/\/createlli.com\/wp-content\/uploads\/2024\/08\/JAN.jpg","type":"image\/jpeg"}],"twitter_card":"summary_large_image","twitter_misc":{"Dur\u00e9e de lecture estim\u00e9e":"8 minutes"},"schema":{"@context":"https:\/\/schema.org","@graph":[{"@type":"WebPage","@id":"https:\/\/createlli.com\/fr\/lequipe\/","url":"https:\/\/createlli.com\/fr\/lequipe\/","name":"L'\u00e9quipe - Createlli | Participation et co-cr\u00e9ation pour la conception d'espaces publics","isPartOf":{"@id":"https:\/\/createlli.com\/#website"},"primaryImageOfPage":{"@id":"https:\/\/createlli.com\/fr\/lequipe\/#primaryimage"},"image":{"@id":"https:\/\/createlli.com\/fr\/lequipe\/#primaryimage"},"thumbnailUrl":"https:\/\/createlli.com\/wp-content\/uploads\/2024\/08\/JAN.jpg","datePublished":"2024-08-28T07:53:43+00:00","dateModified":"2026-03-09T14:48:08+00:00","description":"Rencontrez l'\u00e9quipe Createlli, qui combine diff\u00e9rentes expertises pour relever les d\u00e9fis de la participation. D\u00e9couvrez comment nos experts engagent les citoyens et les parties prenantes \u00e0 fa\u00e7onner les espaces publics.","breadcrumb":{"@id":"https:\/\/createlli.com\/fr\/lequipe\/#breadcrumb"},"inLanguage":"fr-FR","potentialAction":[{"@type":"ReadAction","target":["https:\/\/createlli.com\/fr\/lequipe\/"]}]},{"@type":"ImageObject","inLanguage":"fr-FR","@id":"https:\/\/createlli.com\/fr\/lequipe\/#primaryimage","url":"https:\/\/createlli.com\/wp-content\/uploads\/2024\/08\/JAN.jpg","contentUrl":"https:\/\/createlli.com\/wp-content\/uploads\/2024\/08\/JAN.jpg"},{"@type":"BreadcrumbList","@id":"https:\/\/createlli.com\/fr\/lequipe\/#breadcrumb","itemListElement":[{"@type":"ListItem","position":1,"name":"Home","item":"https:\/\/createlli.com\/fr\/accueil\/"},{"@type":"ListItem","position":2,"name":"L&#8217;\u00e9quipe"}]},{"@type":"WebSite","@id":"https:\/\/createlli.com\/#website","url":"https:\/\/createlli.com\/","name":"Createlli | Participation et co-cr\u00e9ation pour la conception d'espaces publics","description":"Createlli sparks change through participation and co-creation, shaping society in spatial planning, mobility, climate, sustainability, and quality of life.","publisher":{"@id":"https:\/\/createlli.com\/#organization"},"potentialAction":[{"@type":"SearchAction","target":{"@type":"EntryPoint","urlTemplate":"https:\/\/createlli.com\/?s={search_term_string}"},"query-input":{"@type":"PropertyValueSpecification","valueRequired":true,"valueName":"search_term_string"}}],"inLanguage":"fr-FR"},{"@type":"Organization","@id":"https:\/\/createlli.com\/#organization","name":"Createlli | Participation et co-cr\u00e9ation pour la conception d'espaces publics","url":"https:\/\/createlli.com\/","logo":{"@type":"ImageObject","inLanguage":"fr-FR","@id":"https:\/\/createlli.com\/#\/schema\/logo\/image\/","url":"https:\/\/createlli.com\/wp-content\/uploads\/2024\/08\/cropped-Createlli-logo-white_2.png","contentUrl":"https:\/\/createlli.com\/wp-content\/uploads\/2024\/08\/cropped-Createlli-logo-white_2.png","width":144,"height":31,"caption":"Createlli | Participation et co-cr\u00e9ation pour la conception d'espaces publics"},"image":{"@id":"https:\/\/createlli.com\/#\/schema\/logo\/image\/"}}]}},"_links":{"self":[{"href":"https:\/\/createlli.com\/fr\/wp-json\/wp\/v2\/pages\/2169","targetHints":{"allow":["GET"]}}],"collection":[{"href":"https:\/\/createlli.com\/fr\/wp-json\/wp\/v2\/pages"}],"about":[{"href":"https:\/\/createlli.com\/fr\/wp-json\/wp\/v2\/types\/page"}],"author":[{"embeddable":true,"href":"https:\/\/createlli.com\/fr\/wp-json\/wp\/v2\/users\/1"}],"replies":[{"embeddable":true,"href":"https:\/\/createlli.com\/fr\/wp-json\/wp\/v2\/comments?post=2169"}],"version-history":[{"count":10,"href":"https:\/\/createlli.com\/fr\/wp-json\/wp\/v2\/pages\/2169\/revisions"}],"predecessor-version":[{"id":7409,"href":"https:\/\/createlli.com\/fr\/wp-json\/wp\/v2\/pages\/2169\/revisions\/7409"}],"wp:attachment":[{"href":"https:\/\/createlli.com\/fr\/wp-json\/wp\/v2\/media?parent=2169"}],"curies":[{"name":"wp","href":"https:\/\/api.w.org\/{rel}","templated":true}]}}