{"id":3906,"date":"2024-09-11T15:12:00","date_gmt":"2024-09-11T15:12:00","guid":{"rendered":"https:\/\/wp.createlli.com\/portfolio\/plan-ditineraire-cycliste-malines\/"},"modified":"2024-11-27T13:28:08","modified_gmt":"2024-11-27T13:28:08","slug":"plan-ditineraire-cycliste-malines","status":"publish","type":"ocean_portfolio","link":"https:\/\/createlli.com\/fr\/portfolio\/plan-ditineraire-cycliste-malines\/","title":{"rendered":"Plan d&rsquo;itin\u00e9raire cycliste Malines"},"content":{"rendered":"\n<figure class=\"wp-block-gallery has-nested-images columns-default is-cropped wp-block-gallery-1 is-layout-flex wp-block-gallery-is-layout-flex\">\n<figure class=\"wp-block-image size-large\"><img fetchpriority=\"high\" decoding=\"async\" width=\"1024\" height=\"768\" data-id=\"1527\" src=\"http:\/\/createlli.com\/wp-content\/uploads\/2024\/09\/Stapels_brochure-1024x768.jpg\" alt=\"\" class=\"wp-image-1527\" srcset=\"https:\/\/createlli.com\/wp-content\/uploads\/2024\/09\/Stapels_brochure-1024x768.jpg 1024w, https:\/\/createlli.com\/wp-content\/uploads\/2024\/09\/Stapels_brochure-300x225.jpg 300w, https:\/\/createlli.com\/wp-content\/uploads\/2024\/09\/Stapels_brochure-768x576.jpg 768w, https:\/\/createlli.com\/wp-content\/uploads\/2024\/09\/Stapels_brochure-1536x1152.jpg 1536w, https:\/\/createlli.com\/wp-content\/uploads\/2024\/09\/Stapels_brochure-2048x1536.jpg 2048w\" sizes=\"(max-width: 1024px) 100vw, 1024px\" \/><\/figure>\n\n\n\n<figure class=\"wp-block-image size-large\"><img decoding=\"async\" width=\"1024\" height=\"768\" data-id=\"1529\" src=\"http:\/\/createlli.com\/wp-content\/uploads\/2024\/09\/mockup_kaart_magazine-1024x768.jpg\" alt=\"\" class=\"wp-image-1529\" srcset=\"https:\/\/createlli.com\/wp-content\/uploads\/2024\/09\/mockup_kaart_magazine-1024x768.jpg 1024w, https:\/\/createlli.com\/wp-content\/uploads\/2024\/09\/mockup_kaart_magazine-300x225.jpg 300w, https:\/\/createlli.com\/wp-content\/uploads\/2024\/09\/mockup_kaart_magazine-768x576.jpg 768w, https:\/\/createlli.com\/wp-content\/uploads\/2024\/09\/mockup_kaart_magazine-1536x1152.jpg 1536w, https:\/\/createlli.com\/wp-content\/uploads\/2024\/09\/mockup_kaart_magazine-2048x1536.jpg 2048w\" sizes=\"(max-width: 1024px) 100vw, 1024px\" \/><\/figure>\n\n\n\n<figure class=\"wp-block-image size-large\"><img decoding=\"async\" width=\"1024\" height=\"1024\" data-id=\"1530\" src=\"http:\/\/createlli.com\/wp-content\/uploads\/2024\/09\/SM-post-bevraging-helemaal-1024x1024.png\" alt=\"\" class=\"wp-image-1530\" srcset=\"https:\/\/createlli.com\/wp-content\/uploads\/2024\/09\/SM-post-bevraging-helemaal-1024x1024.png 1024w, https:\/\/createlli.com\/wp-content\/uploads\/2024\/09\/SM-post-bevraging-helemaal-300x300.png 300w, https:\/\/createlli.com\/wp-content\/uploads\/2024\/09\/SM-post-bevraging-helemaal-150x150.png 150w, https:\/\/createlli.com\/wp-content\/uploads\/2024\/09\/SM-post-bevraging-helemaal-768x768.png 768w, https:\/\/createlli.com\/wp-content\/uploads\/2024\/09\/SM-post-bevraging-helemaal-1536x1536.png 1536w, https:\/\/createlli.com\/wp-content\/uploads\/2024\/09\/SM-post-bevraging-helemaal-2048x2048.png 2048w, https:\/\/createlli.com\/wp-content\/uploads\/2024\/09\/SM-post-bevraging-helemaal-700x700.png 700w, https:\/\/createlli.com\/wp-content\/uploads\/2024\/09\/SM-post-bevraging-helemaal-600x600.png 600w\" sizes=\"(max-width: 1024px) 100vw, 1024px\" \/><\/figure>\n\n\n\n<figure class=\"wp-block-image size-large\"><img loading=\"lazy\" decoding=\"async\" width=\"1024\" height=\"683\" data-id=\"1531\" src=\"http:\/\/createlli.com\/wp-content\/uploads\/2024\/09\/Fietsen-aan-Zandpoortvest-1024x683.jpg\" alt=\"\" class=\"wp-image-1531\" srcset=\"https:\/\/createlli.com\/wp-content\/uploads\/2024\/09\/Fietsen-aan-Zandpoortvest-1024x683.jpg 1024w, https:\/\/createlli.com\/wp-content\/uploads\/2024\/09\/Fietsen-aan-Zandpoortvest-300x200.jpg 300w, https:\/\/createlli.com\/wp-content\/uploads\/2024\/09\/Fietsen-aan-Zandpoortvest-768x512.jpg 768w, https:\/\/createlli.com\/wp-content\/uploads\/2024\/09\/Fietsen-aan-Zandpoortvest-1536x1024.jpg 1536w, https:\/\/createlli.com\/wp-content\/uploads\/2024\/09\/Fietsen-aan-Zandpoortvest-2048x1365.jpg 2048w\" sizes=\"(max-width: 1024px) 100vw, 1024px\" \/><\/figure>\n\n\n\n<figure class=\"wp-block-image size-large\"><img loading=\"lazy\" decoding=\"async\" width=\"1024\" height=\"736\" data-id=\"1528\" src=\"http:\/\/createlli.com\/wp-content\/uploads\/2024\/09\/mockup_photoshop_magazine-1024x736.jpg\" alt=\"\" class=\"wp-image-1528\" srcset=\"https:\/\/createlli.com\/wp-content\/uploads\/2024\/09\/mockup_photoshop_magazine-1024x736.jpg 1024w, https:\/\/createlli.com\/wp-content\/uploads\/2024\/09\/mockup_photoshop_magazine-300x216.jpg 300w, https:\/\/createlli.com\/wp-content\/uploads\/2024\/09\/mockup_photoshop_magazine-768x552.jpg 768w, https:\/\/createlli.com\/wp-content\/uploads\/2024\/09\/mockup_photoshop_magazine-1536x1104.jpg 1536w, https:\/\/createlli.com\/wp-content\/uploads\/2024\/09\/mockup_photoshop_magazine-2048x1472.jpg 2048w\" sizes=\"(max-width: 1024px) 100vw, 1024px\" \/><\/figure>\n<\/figure>\n\n\n\n<p><\/p>\n","protected":false},"excerpt":{"rendered":"","protected":false},"author":1,"featured_media":2122,"menu_order":0,"comment_status":"open","ping_status":"closed","template":"","meta":{"_acf_changed":false,"ocean_post_layout":"","ocean_both_sidebars_style":"","ocean_both_sidebars_content_width":0,"ocean_both_sidebars_sidebars_width":0,"ocean_sidebar":"","ocean_second_sidebar":"","ocean_disable_margins":"enable","ocean_add_body_class":"","ocean_shortcode_before_top_bar":"","ocean_shortcode_after_top_bar":"","ocean_shortcode_before_header":"","ocean_shortcode_after_header":"","ocean_has_shortcode":"","ocean_shortcode_after_title":"","ocean_shortcode_before_footer_widgets":"","ocean_shortcode_after_footer_widgets":"","ocean_shortcode_before_footer_bottom":"","ocean_shortcode_after_footer_bottom":"","ocean_display_top_bar":"default","ocean_display_header":"default","ocean_header_style":"","ocean_center_header_left_menu":"","ocean_custom_header_template":"","ocean_custom_logo":0,"ocean_custom_retina_logo":0,"ocean_custom_logo_max_width":0,"ocean_custom_logo_tablet_max_width":0,"ocean_custom_logo_mobile_max_width":0,"ocean_custom_logo_max_height":0,"ocean_custom_logo_tablet_max_height":0,"ocean_custom_logo_mobile_max_height":0,"ocean_header_custom_menu":"","ocean_menu_typo_font_family":"","ocean_menu_typo_font_subset":"","ocean_menu_typo_font_size":0,"ocean_menu_typo_font_size_tablet":0,"ocean_menu_typo_font_size_mobile":0,"ocean_menu_typo_font_size_unit":"px","ocean_menu_typo_font_weight":"","ocean_menu_typo_font_weight_tablet":"","ocean_menu_typo_font_weight_mobile":"","ocean_menu_typo_transform":"","ocean_menu_typo_transform_tablet":"","ocean_menu_typo_transform_mobile":"","ocean_menu_typo_line_height":0,"ocean_menu_typo_line_height_tablet":0,"ocean_menu_typo_line_height_mobile":0,"ocean_menu_typo_line_height_unit":"","ocean_menu_typo_spacing":0,"ocean_menu_typo_spacing_tablet":0,"ocean_menu_typo_spacing_mobile":0,"ocean_menu_typo_spacing_unit":"","ocean_menu_link_color":"","ocean_menu_link_color_hover":"","ocean_menu_link_color_active":"","ocean_menu_link_background":"","ocean_menu_link_hover_background":"","ocean_menu_link_active_background":"","ocean_menu_social_links_bg":"","ocean_menu_social_hover_links_bg":"","ocean_menu_social_links_color":"","ocean_menu_social_hover_links_color":"","ocean_disable_title":"default","ocean_disable_heading":"default","ocean_post_title":"","ocean_post_subheading":"","ocean_post_title_style":"","ocean_post_title_background_color":"","ocean_post_title_background":0,"ocean_post_title_bg_image_position":"","ocean_post_title_bg_image_attachment":"","ocean_post_title_bg_image_repeat":"","ocean_post_title_bg_image_size":"","ocean_post_title_height":0,"ocean_post_title_bg_overlay":0.5,"ocean_post_title_bg_overlay_color":"","ocean_disable_breadcrumbs":"default","ocean_breadcrumbs_color":"","ocean_breadcrumbs_separator_color":"","ocean_breadcrumbs_links_color":"","ocean_breadcrumbs_links_hover_color":"","ocean_display_footer_widgets":"default","ocean_display_footer_bottom":"default","ocean_custom_footer_template":"","ofc_meta_disable_footer_callout":"","ofc_meta_callout_button_url":"","ofc_meta_callout_button_txt":"","ofc_meta_callout_text":"","ofc_enable_fullscreen":"disable","ofc_fullscreen_speed":0,"ofc_fullscreen_nav":"enable","ofc_fullscreen_nav_pos":"right","ofc_fullscreen_nav_color":"","ofc_fullscreen_nav_tooltip_color":"","ofc_fullscreen_responsive":0,"osh_disable_topbar_sticky":"default","osh_disable_header_sticky":"default","osh_sticky_header_style":"default","osh_sticky_header_effect":"","osh_custom_sticky_logo":0,"osh_custom_retina_sticky_logo":0,"osh_custom_sticky_logo_height":0,"osh_background_color":"","osh_links_color":"","osh_links_hover_color":"","osh_links_active_color":"","osh_links_bg_color":"","osh_links_hover_bg_color":"","osh_links_active_bg_color":"","osh_menu_social_links_color":"","osh_menu_social_hover_links_color":"","op_external_url":"","op_external_url_target":"self","op_portfolio_post_thubnail_type":"image","op_portfolio_post_oembed":"","op_portfolio_post_self_hosted_media":"","op_portfolio_post_video_embed":"","footnotes":""},"ocean_portfolio_category":[148,139],"ocean_portfolio_tag":[111],"class_list":["post-3906","ocean_portfolio","type-ocean_portfolio","status-publish","has-post-thumbnail","hentry","ocean_portfolio_category-climat-environnement-et-nature","ocean_portfolio_category-mobilite","ocean_portfolio_tag-bureau-danvers","entry","has-media"],"acf":{"sub_title":"Nouveaux itin\u00e9raires cyclables de quartier avec les habitants et les experts de Malines","year":"2022 -2023","location":"Mechelen","office_location":"Anvers","for":"Ville de Malines","with":"Vectris","content":"Malines travaille depuis des ann\u00e9es sur une politique cycliste forte afin d'inciter les habitants \u00e0 opter pour une \u00ab mobilit\u00e9 douce \u00bb avec plus de v\u00e9lo et moins de d\u00e9placements en voiture. Malines obtient de meilleurs r\u00e9sultats que la moyenne flamande, mais par rapport \u00e0 d'autres villes centrales, il y a toujours une marge d'am\u00e9lioration. La combinaison d'itin\u00e9raires rapides de longue distance et d'un r\u00e9seau cyclable urbain finement structur\u00e9 pourrait apporter une solution.<br>Createlli a \u00e9t\u00e9 charg\u00e9 d'enqu\u00eater aupr\u00e8s des habitants et des parties prenantes. Pour identifier les alternatives, nous nous sommes adress\u00e9s \u00e0 la fois aux citoyens et aux experts. Nous nous sommes adress\u00e9s \u00e0 des groupes cibles sp\u00e9cifiques tels que les groupes de quartier, l'aide \u00e0 la jeunesse, les personnes \u00e2g\u00e9es, afin d'atteindre le public le plus large possible. Nous avons opt\u00e9 pour divers entretiens avec la soci\u00e9t\u00e9 civile (association de cyclistes, commer\u00e7ants, groupe de r\u00e9flexion), en plus d'une enqu\u00eate en ligne pour obtenir l'avis de l'ensemble de la population de Malines. Notre rapport et ses r\u00e9sultats, ainsi que l'\u00e9tude Vectris, ont \u00e9t\u00e9 traduits en nouveaux itin\u00e9raires cyclables, avec des panneaux de signalisation, qui ont depuis \u00e9t\u00e9 mis en \u0153uvre avec succ\u00e8s.  \n\n  \n\n"},"yoast_head":"<!-- This site is optimized with the Yoast SEO plugin v25.9 - https:\/\/yoast.com\/wordpress\/plugins\/seo\/ -->\n<title>Plan d&#039;itin\u00e9raire cycliste Malines - Createlli | Participation et co-cr\u00e9ation pour la conception d&#039;espaces publics<\/title>\n<meta name=\"robots\" content=\"index, follow, max-snippet:-1, max-image-preview:large, max-video-preview:-1\" \/>\n<link rel=\"canonical\" href=\"https:\/\/createlli.com\/portfolio\/cycling-route-plan-mechelen\/\" \/>\n<meta property=\"og:locale\" content=\"fr_FR\" \/>\n<meta property=\"og:type\" content=\"article\" \/>\n<meta property=\"og:title\" content=\"Plan d&#039;itin\u00e9raire cycliste Malines - Createlli | Participation et co-cr\u00e9ation pour la conception d&#039;espaces publics\" \/>\n<meta property=\"og:url\" content=\"https:\/\/createlli.com\/portfolio\/cycling-route-plan-mechelen\/\" \/>\n<meta property=\"og:site_name\" content=\"Createlli | Participation et co-cr\u00e9ation pour la conception d&#039;espaces publics\" \/>\n<meta property=\"article:modified_time\" content=\"2024-11-27T13:28:08+00:00\" \/>\n<meta property=\"og:image\" content=\"https:\/\/createlli.com\/wp-content\/uploads\/2024\/09\/Stapels_brochure-scaled.jpg\" \/>\n\t<meta property=\"og:image:width\" content=\"2560\" \/>\n\t<meta property=\"og:image:height\" content=\"1920\" \/>\n\t<meta property=\"og:image:type\" content=\"image\/jpeg\" \/>\n<meta name=\"twitter:card\" content=\"summary_large_image\" \/>\n<script type=\"application\/ld+json\" class=\"yoast-schema-graph\">{\"@context\":\"https:\/\/schema.org\",\"@graph\":[{\"@type\":\"WebPage\",\"@id\":\"https:\/\/createlli.com\/portfolio\/cycling-route-plan-mechelen\/\",\"url\":\"https:\/\/createlli.com\/portfolio\/cycling-route-plan-mechelen\/\",\"name\":\"Plan d'itin\u00e9raire cycliste Malines - Createlli | Participation et co-cr\u00e9ation pour la conception d'espaces publics\",\"isPartOf\":{\"@id\":\"https:\/\/createlli.com\/#website\"},\"primaryImageOfPage\":{\"@id\":\"https:\/\/createlli.com\/portfolio\/cycling-route-plan-mechelen\/#primaryimage\"},\"image\":{\"@id\":\"https:\/\/createlli.com\/portfolio\/cycling-route-plan-mechelen\/#primaryimage\"},\"thumbnailUrl\":\"https:\/\/createlli.com\/wp-content\/uploads\/2024\/09\/Stapels_brochure-scaled.jpg\",\"datePublished\":\"2024-09-11T15:12:00+00:00\",\"dateModified\":\"2024-11-27T13:28:08+00:00\",\"breadcrumb\":{\"@id\":\"https:\/\/createlli.com\/portfolio\/cycling-route-plan-mechelen\/#breadcrumb\"},\"inLanguage\":\"fr-FR\",\"potentialAction\":[{\"@type\":\"ReadAction\",\"target\":[\"https:\/\/createlli.com\/portfolio\/cycling-route-plan-mechelen\/\"]}]},{\"@type\":\"ImageObject\",\"inLanguage\":\"fr-FR\",\"@id\":\"https:\/\/createlli.com\/portfolio\/cycling-route-plan-mechelen\/#primaryimage\",\"url\":\"https:\/\/createlli.com\/wp-content\/uploads\/2024\/09\/Stapels_brochure-scaled.jpg\",\"contentUrl\":\"https:\/\/createlli.com\/wp-content\/uploads\/2024\/09\/Stapels_brochure-scaled.jpg\",\"width\":2560,\"height\":1920},{\"@type\":\"BreadcrumbList\",\"@id\":\"https:\/\/createlli.com\/portfolio\/cycling-route-plan-mechelen\/#breadcrumb\",\"itemListElement\":[{\"@type\":\"ListItem\",\"position\":1,\"name\":\"Home\",\"item\":\"https:\/\/createlli.com\/fr\/accueil\/\"},{\"@type\":\"ListItem\",\"position\":2,\"name\":\"Plan d&#8217;itin\u00e9raire cycliste Malines\"}]},{\"@type\":\"WebSite\",\"@id\":\"https:\/\/createlli.com\/#website\",\"url\":\"https:\/\/createlli.com\/\",\"name\":\"Createlli | Participation et co-cr\u00e9ation pour la conception d'espaces publics\",\"description\":\"Createlli sparks change through participation and co-creation, shaping society in spatial planning, mobility, climate, sustainability, and quality of life.\",\"publisher\":{\"@id\":\"https:\/\/createlli.com\/#organization\"},\"potentialAction\":[{\"@type\":\"SearchAction\",\"target\":{\"@type\":\"EntryPoint\",\"urlTemplate\":\"https:\/\/createlli.com\/?s={search_term_string}\"},\"query-input\":{\"@type\":\"PropertyValueSpecification\",\"valueRequired\":true,\"valueName\":\"search_term_string\"}}],\"inLanguage\":\"fr-FR\"},{\"@type\":\"Organization\",\"@id\":\"https:\/\/createlli.com\/#organization\",\"name\":\"Createlli | Participation et co-cr\u00e9ation pour la conception d'espaces publics\",\"url\":\"https:\/\/createlli.com\/\",\"logo\":{\"@type\":\"ImageObject\",\"inLanguage\":\"fr-FR\",\"@id\":\"https:\/\/createlli.com\/#\/schema\/logo\/image\/\",\"url\":\"https:\/\/createlli.com\/wp-content\/uploads\/2024\/08\/cropped-Createlli-logo-white_2.png\",\"contentUrl\":\"https:\/\/createlli.com\/wp-content\/uploads\/2024\/08\/cropped-Createlli-logo-white_2.png\",\"width\":144,\"height\":31,\"caption\":\"Createlli | Participation et co-cr\u00e9ation pour la conception d'espaces publics\"},\"image\":{\"@id\":\"https:\/\/createlli.com\/#\/schema\/logo\/image\/\"}}]}<\/script>\n<!-- \/ Yoast SEO plugin. -->","yoast_head_json":{"title":"Plan d'itin\u00e9raire cycliste Malines - Createlli | Participation et co-cr\u00e9ation pour la conception d'espaces publics","robots":{"index":"index","follow":"follow","max-snippet":"max-snippet:-1","max-image-preview":"max-image-preview:large","max-video-preview":"max-video-preview:-1"},"canonical":"https:\/\/createlli.com\/portfolio\/cycling-route-plan-mechelen\/","og_locale":"fr_FR","og_type":"article","og_title":"Plan d'itin\u00e9raire cycliste Malines - Createlli | Participation et co-cr\u00e9ation pour la conception d'espaces publics","og_url":"https:\/\/createlli.com\/portfolio\/cycling-route-plan-mechelen\/","og_site_name":"Createlli | Participation et co-cr\u00e9ation pour la conception d'espaces publics","article_modified_time":"2024-11-27T13:28:08+00:00","og_image":[{"width":2560,"height":1920,"url":"https:\/\/createlli.com\/wp-content\/uploads\/2024\/09\/Stapels_brochure-scaled.jpg","type":"image\/jpeg"}],"twitter_card":"summary_large_image","schema":{"@context":"https:\/\/schema.org","@graph":[{"@type":"WebPage","@id":"https:\/\/createlli.com\/portfolio\/cycling-route-plan-mechelen\/","url":"https:\/\/createlli.com\/portfolio\/cycling-route-plan-mechelen\/","name":"Plan d'itin\u00e9raire cycliste Malines - Createlli | Participation et co-cr\u00e9ation pour la conception d'espaces publics","isPartOf":{"@id":"https:\/\/createlli.com\/#website"},"primaryImageOfPage":{"@id":"https:\/\/createlli.com\/portfolio\/cycling-route-plan-mechelen\/#primaryimage"},"image":{"@id":"https:\/\/createlli.com\/portfolio\/cycling-route-plan-mechelen\/#primaryimage"},"thumbnailUrl":"https:\/\/createlli.com\/wp-content\/uploads\/2024\/09\/Stapels_brochure-scaled.jpg","datePublished":"2024-09-11T15:12:00+00:00","dateModified":"2024-11-27T13:28:08+00:00","breadcrumb":{"@id":"https:\/\/createlli.com\/portfolio\/cycling-route-plan-mechelen\/#breadcrumb"},"inLanguage":"fr-FR","potentialAction":[{"@type":"ReadAction","target":["https:\/\/createlli.com\/portfolio\/cycling-route-plan-mechelen\/"]}]},{"@type":"ImageObject","inLanguage":"fr-FR","@id":"https:\/\/createlli.com\/portfolio\/cycling-route-plan-mechelen\/#primaryimage","url":"https:\/\/createlli.com\/wp-content\/uploads\/2024\/09\/Stapels_brochure-scaled.jpg","contentUrl":"https:\/\/createlli.com\/wp-content\/uploads\/2024\/09\/Stapels_brochure-scaled.jpg","width":2560,"height":1920},{"@type":"BreadcrumbList","@id":"https:\/\/createlli.com\/portfolio\/cycling-route-plan-mechelen\/#breadcrumb","itemListElement":[{"@type":"ListItem","position":1,"name":"Home","item":"https:\/\/createlli.com\/fr\/accueil\/"},{"@type":"ListItem","position":2,"name":"Plan d&#8217;itin\u00e9raire cycliste Malines"}]},{"@type":"WebSite","@id":"https:\/\/createlli.com\/#website","url":"https:\/\/createlli.com\/","name":"Createlli | Participation et co-cr\u00e9ation pour la conception d'espaces publics","description":"Createlli sparks change through participation and co-creation, shaping society in spatial planning, mobility, climate, sustainability, and quality of life.","publisher":{"@id":"https:\/\/createlli.com\/#organization"},"potentialAction":[{"@type":"SearchAction","target":{"@type":"EntryPoint","urlTemplate":"https:\/\/createlli.com\/?s={search_term_string}"},"query-input":{"@type":"PropertyValueSpecification","valueRequired":true,"valueName":"search_term_string"}}],"inLanguage":"fr-FR"},{"@type":"Organization","@id":"https:\/\/createlli.com\/#organization","name":"Createlli | Participation et co-cr\u00e9ation pour la conception d'espaces publics","url":"https:\/\/createlli.com\/","logo":{"@type":"ImageObject","inLanguage":"fr-FR","@id":"https:\/\/createlli.com\/#\/schema\/logo\/image\/","url":"https:\/\/createlli.com\/wp-content\/uploads\/2024\/08\/cropped-Createlli-logo-white_2.png","contentUrl":"https:\/\/createlli.com\/wp-content\/uploads\/2024\/08\/cropped-Createlli-logo-white_2.png","width":144,"height":31,"caption":"Createlli | Participation et co-cr\u00e9ation pour la conception d'espaces publics"},"image":{"@id":"https:\/\/createlli.com\/#\/schema\/logo\/image\/"}}]}},"_links":{"self":[{"href":"https:\/\/createlli.com\/fr\/wp-json\/wp\/v2\/ocean_portfolio\/3906","targetHints":{"allow":["GET"]}}],"collection":[{"href":"https:\/\/createlli.com\/fr\/wp-json\/wp\/v2\/ocean_portfolio"}],"about":[{"href":"https:\/\/createlli.com\/fr\/wp-json\/wp\/v2\/types\/ocean_portfolio"}],"author":[{"embeddable":true,"href":"https:\/\/createlli.com\/fr\/wp-json\/wp\/v2\/users\/1"}],"replies":[{"embeddable":true,"href":"https:\/\/createlli.com\/fr\/wp-json\/wp\/v2\/comments?post=3906"}],"version-history":[{"count":5,"href":"https:\/\/createlli.com\/fr\/wp-json\/wp\/v2\/ocean_portfolio\/3906\/revisions"}],"predecessor-version":[{"id":4391,"href":"https:\/\/createlli.com\/fr\/wp-json\/wp\/v2\/ocean_portfolio\/3906\/revisions\/4391"}],"wp:featuredmedia":[{"embeddable":true,"href":"https:\/\/createlli.com\/fr\/wp-json\/wp\/v2\/media\/2122"}],"wp:attachment":[{"href":"https:\/\/createlli.com\/fr\/wp-json\/wp\/v2\/media?parent=3906"}],"wp:term":[{"taxonomy":"ocean_portfolio_category","embeddable":true,"href":"https:\/\/createlli.com\/fr\/wp-json\/wp\/v2\/ocean_portfolio_category?post=3906"},{"taxonomy":"ocean_portfolio_tag","embeddable":true,"href":"https:\/\/createlli.com\/fr\/wp-json\/wp\/v2\/ocean_portfolio_tag?post=3906"}],"curies":[{"name":"wp","href":"https:\/\/api.w.org\/{rel}","templated":true}]}}