{"id":3432,"date":"2024-08-28T07:53:43","date_gmt":"2024-08-28T07:53:43","guid":{"rendered":"https:\/\/wp.createlli.com\/equipo\/"},"modified":"2026-03-09T14:48:08","modified_gmt":"2026-03-09T14:48:08","slug":"equipo","status":"publish","type":"page","link":"https:\/\/createlli.com\/es\/equipo\/","title":{"rendered":"Equipo"},"content":{"rendered":"\t\t<div data-elementor-type=\"wp-page\" data-elementor-id=\"3432\" class=\"elementor elementor-3432 elementor-803\" data-elementor-post-type=\"page\">\n\t\t\t\t<div class=\"elementor-element elementor-element-a56c391 e-con-full e-flex e-con e-parent\" data-id=\"a56c391\" data-element_type=\"container\" id=\"next\">\n\t\t\t\t<div class=\"elementor-element elementor-element-32c431dd elementor-widget elementor-widget-heading\" data-id=\"32c431dd\" data-element_type=\"widget\" data-widget_type=\"heading.default\">\n\t\t\t\t<div class=\"elementor-widget-container\">\n\t\t\t\t\t<h3 class=\"elementor-heading-title elementor-size-default\">Nuestro equipo<\/h3>\t\t\t\t<\/div>\n\t\t\t\t<\/div>\n\t\t\t\t<div class=\"elementor-element elementor-element-264eb0a elementor-widget elementor-widget-heading\" data-id=\"264eb0a\" data-element_type=\"widget\" data-widget_type=\"heading.default\">\n\t\t\t\t<div class=\"elementor-widget-container\">\n\t\t\t\t\t<p class=\"elementor-heading-title elementor-size-default\">Combinamos distintos conocimientos para afrontar los retos de la participaci\u00f3n<\/p>\t\t\t\t<\/div>\n\t\t\t\t<\/div>\n\t\t\t\t<div class=\"elementor-element elementor-element-1d7e839 elementor-widget elementor-widget-heading\" data-id=\"1d7e839\" data-element_type=\"widget\" data-widget_type=\"heading.default\">\n\t\t\t\t<div class=\"elementor-widget-container\">\n\t\t\t\t\t<h2 class=\"elementor-heading-title elementor-size-default\">Oficina de Amberes<\/h2>\t\t\t\t<\/div>\n\t\t\t\t<\/div>\n\t\t<div class=\"elementor-element elementor-element-c0c300a e-con-full e-flex e-con e-child\" data-id=\"c0c300a\" data-element_type=\"container\">\n\t\t<div class=\"elementor-element elementor-element-275deb98 e-con-full e-flex e-con e-child\" data-id=\"275deb98\" data-element_type=\"container\">\n\t\t\t\t<div class=\"elementor-element elementor-element-673ab532 elementor-position-top elementor-widget elementor-widget-image-box\" data-id=\"673ab532\" data-element_type=\"widget\" data-widget_type=\"image-box.default\">\n\t\t\t\t<div class=\"elementor-widget-container\">\n\t\t\t\t\t<div class=\"elementor-image-box-wrapper\"><figure class=\"elementor-image-box-img\"><a href=\"#\" tabindex=\"-1\"><img fetchpriority=\"high\" decoding=\"async\" width=\"440\" height=\"440\" src=\"https:\/\/createlli.com\/wp-content\/uploads\/2024\/08\/JAN.jpg\" class=\"elementor-animation-grow attachment-full size-full wp-image-2571\" alt=\"Jan De Kezel - participation expert\" srcset=\"https:\/\/createlli.com\/wp-content\/uploads\/2024\/08\/JAN.jpg 440w, https:\/\/createlli.com\/wp-content\/uploads\/2024\/08\/JAN-300x300.jpg 300w, https:\/\/createlli.com\/wp-content\/uploads\/2024\/08\/JAN-150x150.jpg 150w\" sizes=\"(max-width: 440px) 100vw, 440px\" \/><\/a><\/figure><div class=\"elementor-image-box-content\"><p class=\"elementor-image-box-description\">Jan es fundador y socio de Createlli, con 30 a\u00f1os de experiencia. Dirige proyectos desafiantes como estratega de procesos y como facilitador, y con la misma facilidad asume un papel de apoyo. Su impulso es reunir las aportaciones de las diversas partes interesadas en un proyecto compartido. Lo ha hecho en proyectos relacionados con el desarrollo espacial, el clima, el desarrollo sostenible y la movilidad en B\u00e9lgica, Espa\u00f1a, Francia y Pa\u00edses Bajos. Adem\u00e1s, es responsable del desarrollo de las herramientas digitales, que considera uno de los medios clave para implicar a m\u00e1s personas y crear conocimientos para expertos, responsables pol\u00edticos y ciudadanos por igual. Jan habla neerland\u00e9s, ingl\u00e9s, franc\u00e9s y alem\u00e1n.     <\/p><\/div><\/div>\t\t\t\t<\/div>\n\t\t\t\t<\/div>\n\t\t\t\t<\/div>\n\t\t<div class=\"elementor-element elementor-element-2c2f7f9a e-con-full e-flex e-con e-child\" data-id=\"2c2f7f9a\" data-element_type=\"container\">\n\t\t\t\t<div class=\"elementor-element elementor-element-7fb51cf4 elementor-position-top elementor-widget elementor-widget-image-box\" data-id=\"7fb51cf4\" data-element_type=\"widget\" data-widget_type=\"image-box.default\">\n\t\t\t\t<div class=\"elementor-widget-container\">\n\t\t\t\t\t<div class=\"elementor-image-box-wrapper\"><figure class=\"elementor-image-box-img\"><a href=\"#\" tabindex=\"-1\"><img decoding=\"async\" width=\"2320\" height=\"2320\" src=\"https:\/\/createlli.com\/wp-content\/uploads\/2024\/09\/Jan-V.jpg\" class=\"elementor-animation-grow attachment-full size-full wp-image-3375\" alt=\"Jan Vincke - participation expert\" srcset=\"https:\/\/createlli.com\/wp-content\/uploads\/2024\/09\/Jan-V.jpg 2320w, https:\/\/createlli.com\/wp-content\/uploads\/2024\/09\/Jan-V-300x300.jpg 300w, https:\/\/createlli.com\/wp-content\/uploads\/2024\/09\/Jan-V-1024x1024.jpg 1024w, https:\/\/createlli.com\/wp-content\/uploads\/2024\/09\/Jan-V-150x150.jpg 150w, https:\/\/createlli.com\/wp-content\/uploads\/2024\/09\/Jan-V-768x768.jpg 768w, https:\/\/createlli.com\/wp-content\/uploads\/2024\/09\/Jan-V-1536x1536.jpg 1536w, https:\/\/createlli.com\/wp-content\/uploads\/2024\/09\/Jan-V-2048x2048.jpg 2048w, https:\/\/createlli.com\/wp-content\/uploads\/2024\/09\/Jan-V-700x700.jpg 700w, https:\/\/createlli.com\/wp-content\/uploads\/2024\/09\/Jan-V-600x600.jpg 600w\" sizes=\"(max-width: 2320px) 100vw, 2320px\" \/><\/a><\/figure><div class=\"elementor-image-box-content\"><p class=\"elementor-image-box-description\">Jan es socio y facilitador de procesos con 25 a\u00f1os de experiencia. En Createlli establece el marco de los procesos en los \u00e1mbitos del desarrollo espacial, el desarrollo sostenible, la movilidad y el desarrollo (innovador) de zonas. Define la estrategia del proceso, da forma a los procesos participativos y facilita sesiones de di\u00e1logo tanto peque\u00f1as como grandes. Le apasiona especialmente dise\u00f1ar, desarrollar y guiar experimentos democr\u00e1ticos y formas innovadoras de colaboraci\u00f3n. Cree que un di\u00e1logo de calidad contribuye al aprendizaje mutuo, a la comprensi\u00f3n y a mejores soluciones. En su labor de facilitador, fomenta la adopci\u00f3n de la propiedad compartida. Jan habla neerland\u00e9s e ingl\u00e9s.      <\/p><\/div><\/div>\t\t\t\t<\/div>\n\t\t\t\t<\/div>\n\t\t\t\t<\/div>\n\t\t<div class=\"elementor-element elementor-element-12e93eda e-con-full e-flex e-con e-child\" data-id=\"12e93eda\" data-element_type=\"container\">\n\t\t\t\t<div class=\"elementor-element elementor-element-505a96a9 elementor-position-top elementor-widget elementor-widget-image-box\" data-id=\"505a96a9\" data-element_type=\"widget\" data-widget_type=\"image-box.default\">\n\t\t\t\t<div class=\"elementor-widget-container\">\n\t\t\t\t\t<div class=\"elementor-image-box-wrapper\"><figure class=\"elementor-image-box-img\"><a href=\"#\" tabindex=\"-1\"><img decoding=\"async\" width=\"440\" height=\"440\" src=\"https:\/\/createlli.com\/wp-content\/uploads\/2024\/08\/Guillaume-RZK.jpg\" class=\"elementor-animation-grow attachment-1536x1536 size-1536x1536 wp-image-2889\" alt=\"Guillaume - Participation consultant\" srcset=\"https:\/\/createlli.com\/wp-content\/uploads\/2024\/08\/Guillaume-RZK.jpg 440w, https:\/\/createlli.com\/wp-content\/uploads\/2024\/08\/Guillaume-RZK-300x300.jpg 300w, https:\/\/createlli.com\/wp-content\/uploads\/2024\/08\/Guillaume-RZK-150x150.jpg 150w\" sizes=\"(max-width: 440px) 100vw, 440px\" \/><\/a><\/figure><div class=\"elementor-image-box-content\"><p class=\"elementor-image-box-description\">Guillaume es consultor senior en Createlli, especializado en comunicaci\u00f3n y participaci\u00f3n. Con formaci\u00f3n en urbanismo y un enfoque multidisciplinar, aporta experiencia internacional en desarrollo territorial estrat\u00e9gico y planificaci\u00f3n operativa. Sus conocimientos se extienden a la gesti\u00f3n y supervisi\u00f3n de proyectos, lo que le permite ofrecer modelos integrados que abordan los retos de forma global en cada fase de un proyecto. Guillaume destaca en el apoyo a la comunicaci\u00f3n visual y la orientaci\u00f3n de procesos participativos, ya sea en conferencias, programas de formaci\u00f3n o iniciativas de desarrollo sostenible. Habla con fluidez franc\u00e9s, ingl\u00e9s y lituano, lo que le convierte en un valioso activo para nuestro diverso equipo.    <\/p><\/div><\/div>\t\t\t\t<\/div>\n\t\t\t\t<\/div>\n\t\t\t\t<\/div>\n\t\t<div class=\"elementor-element elementor-element-193e569 e-con-full e-flex e-con e-child\" data-id=\"193e569\" data-element_type=\"container\">\n\t\t\t\t<div class=\"elementor-element elementor-element-0fb1484 elementor-position-top elementor-widget elementor-widget-image-box\" data-id=\"0fb1484\" data-element_type=\"widget\" data-widget_type=\"image-box.default\">\n\t\t\t\t<div class=\"elementor-widget-container\">\n\t\t\t\t\t<div class=\"elementor-image-box-wrapper\"><figure class=\"elementor-image-box-img\"><a href=\"#\" tabindex=\"-1\"><img loading=\"lazy\" decoding=\"async\" width=\"440\" height=\"440\" src=\"https:\/\/createlli.com\/wp-content\/uploads\/2024\/08\/Fabio-1.jpg\" class=\"elementor-animation-grow attachment-full size-full wp-image-2893\" alt=\"Fabio Morales - participation consultant\" srcset=\"https:\/\/createlli.com\/wp-content\/uploads\/2024\/08\/Fabio-1.jpg 440w, https:\/\/createlli.com\/wp-content\/uploads\/2024\/08\/Fabio-1-300x300.jpg 300w, https:\/\/createlli.com\/wp-content\/uploads\/2024\/08\/Fabio-1-150x150.jpg 150w\" sizes=\"(max-width: 440px) 100vw, 440px\" \/><\/a><\/figure><div class=\"elementor-image-box-content\"><p class=\"elementor-image-box-description\">Fabio aporta experiencia en gesti\u00f3n de la innovaci\u00f3n, pensamiento de dise\u00f1o, dise\u00f1o de servicios y t\u00e9cnicas de visualizaci\u00f3n. Sus conocimientos le dotan de la mentalidad y las herramientas necesarias para el trabajo participativo, resolutivo y creativo. En los \u00faltimos tres a\u00f1os, Fabio ha ampliado sus conocimientos en gesti\u00f3n de proyectos y cocreaci\u00f3n, trabajando estrechamente con diversas partes interesadas y haciendo especial hincapi\u00e9 en la inclusi\u00f3n de grupos destinatarios vulnerables. En su puesto, supervisa la producci\u00f3n y la investigaci\u00f3n de campo de los proyectos de participaci\u00f3n en B\u00e9lgica y apoya las iniciativas de gesti\u00f3n de las partes interesadas. Adem\u00e1s, Fabio contribuye a nuestra caja de herramientas de participaci\u00f3n, mejorando nuestros recursos para un compromiso eficaz. Domina el neerland\u00e9s y el ingl\u00e9s.     <\/p><\/div><\/div>\t\t\t\t<\/div>\n\t\t\t\t<\/div>\n\t\t\t\t<\/div>\n\t\t\t\t<\/div>\n\t\t<div class=\"elementor-element elementor-element-32c4d6d e-con-full e-flex e-con e-child\" data-id=\"32c4d6d\" data-element_type=\"container\">\n\t\t<div class=\"elementor-element elementor-element-d986ef1 e-con-full e-flex e-con e-child\" data-id=\"d986ef1\" data-element_type=\"container\">\n\t\t\t\t<div class=\"elementor-element elementor-element-c9638bf elementor-position-top elementor-widget elementor-widget-image-box\" data-id=\"c9638bf\" data-element_type=\"widget\" data-widget_type=\"image-box.default\">\n\t\t\t\t<div class=\"elementor-widget-container\">\n\t\t\t\t\t<div class=\"elementor-image-box-wrapper\"><figure class=\"elementor-image-box-img\"><a href=\"#\" tabindex=\"-1\"><img loading=\"lazy\" decoding=\"async\" width=\"800\" height=\"800\" src=\"https:\/\/createlli.com\/wp-content\/uploads\/2024\/08\/Fien-Joos-ZW.jpeg\" class=\"elementor-animation-grow attachment-full size-full wp-image-2579\" alt=\"\" srcset=\"https:\/\/createlli.com\/wp-content\/uploads\/2024\/08\/Fien-Joos-ZW.jpeg 800w, https:\/\/createlli.com\/wp-content\/uploads\/2024\/08\/Fien-Joos-ZW-300x300.jpeg 300w, https:\/\/createlli.com\/wp-content\/uploads\/2024\/08\/Fien-Joos-ZW-150x150.jpeg 150w, https:\/\/createlli.com\/wp-content\/uploads\/2024\/08\/Fien-Joos-ZW-768x768.jpeg 768w, https:\/\/createlli.com\/wp-content\/uploads\/2024\/08\/Fien-Joos-ZW-600x600.jpeg 600w\" sizes=\"(max-width: 800px) 100vw, 800px\" \/><\/a><\/figure><div class=\"elementor-image-box-content\"><p class=\"elementor-image-box-description\">Fien es experta en dise\u00f1o gr\u00e1fico, dise\u00f1o UX y dise\u00f1o de servicios y espacios p\u00fablicos. Con un M\u00e1ster en Desarrollo de Productos especializado en Estrategia y Dise\u00f1o de Interacci\u00f3n, aporta a cada proyecto un enfoque centrado en la innovaci\u00f3n, la creatividad y la sostenibilidad. Fascinada por el futuro de los espacios p\u00fablicos, Fien cree en el papel vital de la participaci\u00f3n y la cocreaci\u00f3n en la configuraci\u00f3n de estos entornos. Colabora en proyectos sobre desarrollo espacial, clima y movilidad, destacando en la creaci\u00f3n de visualizaciones, dise\u00f1o web y apoyo a momentos participativos y encuestas digitales. Adem\u00e1s, Fien gestiona nuestros canales de redes sociales y supervisa las actualizaciones del sitio web. Domina el neerland\u00e9s y el ingl\u00e9s.     <\/p><\/div><\/div>\t\t\t\t<\/div>\n\t\t\t\t<\/div>\n\t\t\t\t<\/div>\n\t\t<div class=\"elementor-element elementor-element-fb723f8 e-con-full e-flex e-con e-child\" data-id=\"fb723f8\" data-element_type=\"container\">\n\t\t\t\t<div class=\"elementor-element elementor-element-9930d80 elementor-position-top elementor-widget elementor-widget-image-box\" data-id=\"9930d80\" data-element_type=\"widget\" data-widget_type=\"image-box.default\">\n\t\t\t\t<div class=\"elementor-widget-container\">\n\t\t\t\t\t<div class=\"elementor-image-box-wrapper\"><figure class=\"elementor-image-box-img\"><a href=\"#\" tabindex=\"-1\"><img loading=\"lazy\" decoding=\"async\" width=\"1827\" height=\"1827\" src=\"https:\/\/createlli.com\/wp-content\/uploads\/2025\/09\/Luna.jpg\" class=\"elementor-animation-grow attachment-full size-full wp-image-6501\" alt=\"\" srcset=\"https:\/\/createlli.com\/wp-content\/uploads\/2025\/09\/Luna.jpg 1827w, https:\/\/createlli.com\/wp-content\/uploads\/2025\/09\/Luna-300x300.jpg 300w, https:\/\/createlli.com\/wp-content\/uploads\/2025\/09\/Luna-1024x1024.jpg 1024w, https:\/\/createlli.com\/wp-content\/uploads\/2025\/09\/Luna-150x150.jpg 150w, https:\/\/createlli.com\/wp-content\/uploads\/2025\/09\/Luna-768x768.jpg 768w, https:\/\/createlli.com\/wp-content\/uploads\/2025\/09\/Luna-1536x1536.jpg 1536w, https:\/\/createlli.com\/wp-content\/uploads\/2025\/09\/Luna-700x700.jpg 700w, https:\/\/createlli.com\/wp-content\/uploads\/2025\/09\/Luna-600x600.jpg 600w\" sizes=\"(max-width: 1827px) 100vw, 1827px\" \/><\/a><\/figure><div class=\"elementor-image-box-content\"><p class=\"elementor-image-box-description\">Luna, como soci\u00f3loga y urbanista, presta especial atenci\u00f3n a las cuestiones socioespaciales. Est\u00e1 convencida de que el mayor impacto se puede lograr a nivel local, donde el espacio p\u00fablico desempe\u00f1a un papel fundamental. Adquiri\u00f3 experiencia en este campo gracias a su tesis sobre los espacios verdes del barrio de Brugse Poort en Gante, colaborando con el Departamento de Medio Ambiente de los ayuntamientos y facilitando procesos participativos en proyectos de ordenaci\u00f3n territorial y movilidad en Bilbao y sus alrededores. Con esta trayectoria, se une al equipo de Createlli como responsable de proyectos, contribuyendo a proyectos tanto en B\u00e9lgica como en Espa\u00f1a. Luna habla con fluidez neerland\u00e9s, ingl\u00e9s y espa\u00f1ol.    <\/p><\/div><\/div>\t\t\t\t<\/div>\n\t\t\t\t<\/div>\n\t\t\t\t<\/div>\n\t\t<div class=\"elementor-element elementor-element-73f02e8b e-con-full e-flex e-con e-child\" data-id=\"73f02e8b\" data-element_type=\"container\">\n\t\t\t\t<div class=\"elementor-element elementor-element-76a94ec3 elementor-position-top elementor-widget elementor-widget-image-box\" data-id=\"76a94ec3\" data-element_type=\"widget\" data-widget_type=\"image-box.default\">\n\t\t\t\t<div class=\"elementor-widget-container\">\n\t\t\t\t\t<div class=\"elementor-image-box-wrapper\"><figure class=\"elementor-image-box-img\"><a href=\"#\" tabindex=\"-1\"><img loading=\"lazy\" decoding=\"async\" width=\"440\" height=\"440\" src=\"https:\/\/createlli.com\/wp-content\/uploads\/2026\/03\/Mirte-De-Ganck-Createlli.jpg\" class=\"elementor-animation-grow attachment-full size-full wp-image-7400\" alt=\"\" srcset=\"https:\/\/createlli.com\/wp-content\/uploads\/2026\/03\/Mirte-De-Ganck-Createlli.jpg 440w, https:\/\/createlli.com\/wp-content\/uploads\/2026\/03\/Mirte-De-Ganck-Createlli-300x300.jpg 300w, https:\/\/createlli.com\/wp-content\/uploads\/2026\/03\/Mirte-De-Ganck-Createlli-150x150.jpg 150w\" sizes=\"(max-width: 440px) 100vw, 440px\" \/><\/a><\/figure><div class=\"elementor-image-box-content\"><p class=\"elementor-image-box-description\">Mirte tiene formaci\u00f3n en historia y ordenaci\u00f3n del territorio, lo que le da un fuerte enfoque anal\u00edtico y un don para ver el panorama general de cada cuesti\u00f3n espacial. Durante su m\u00e1ster en Urbanismo y Ordenaci\u00f3n del Territorio, trabaj\u00f3 en proyectos que constru\u00edan narrativas espaciales coherentes y ampliamente respaldadas. Tiene amplios conocimientos sobre ordenaci\u00f3n del territorio, movilidad, sostenibilidad e instrumentos espaciales flamencos. Como planificadora espacial en el Departamento Flamenco de Medio Ambiente, contribuy\u00f3 a planes de zonificaci\u00f3n a gran escala. Con experiencia previa como profesora, coordinadora, desarrolladora de planes de estudios y facilitadora de talleres, Mirte combina habilidades blandas y duras para gestionar eficazmente la comunicaci\u00f3n y la participaci\u00f3n medioambientales. Domina el neerland\u00e9s, el ingl\u00e9s y el franc\u00e9s, y habla algo de espa\u00f1ol.     <\/p><\/div><\/div>\t\t\t\t<\/div>\n\t\t\t\t<\/div>\n\t\t\t\t<\/div>\n\t\t<div class=\"elementor-element elementor-element-8cb44f3 e-con-full e-flex e-con e-child\" data-id=\"8cb44f3\" data-element_type=\"container\">\n\t\t\t\t<div class=\"elementor-element elementor-element-1e0642b elementor-position-top elementor-widget elementor-widget-image-box\" data-id=\"1e0642b\" data-element_type=\"widget\" data-widget_type=\"image-box.default\">\n\t\t\t\t<div class=\"elementor-widget-container\">\n\t\t\t\t\t<div class=\"elementor-image-box-wrapper\"><figure class=\"elementor-image-box-img\"><a href=\"#\" tabindex=\"-1\"><img loading=\"lazy\" decoding=\"async\" width=\"440\" height=\"440\" src=\"https:\/\/createlli.com\/wp-content\/uploads\/2024\/08\/iris-vande-walle.jpg\" class=\"elementor-animation-grow attachment-full size-full wp-image-2891\" alt=\"Participation consultant\" srcset=\"https:\/\/createlli.com\/wp-content\/uploads\/2024\/08\/iris-vande-walle.jpg 440w, https:\/\/createlli.com\/wp-content\/uploads\/2024\/08\/iris-vande-walle-300x300.jpg 300w, https:\/\/createlli.com\/wp-content\/uploads\/2024\/08\/iris-vande-walle-150x150.jpg 150w\" sizes=\"(max-width: 440px) 100vw, 440px\" \/><\/a><\/figure><div class=\"elementor-image-box-content\"><p class=\"elementor-image-box-description\">Irene es arquitecta y actualmente cursa un m\u00e1ster en Ciudad y Urbanismo, especializado en sostenibilidad. Es de San Sebasti\u00e1n, ha vivido los \u00faltimos a\u00f1os en Barcelona y recientemente se ha incorporado al equipo de Amberes. Su trayectoria acad\u00e9mica y profesional es amplia y transversal, combinando arquitectura, urbanismo, fabricaci\u00f3n digital, administraci\u00f3n p\u00fablica y gesti\u00f3n de obra, aport\u00e1ndole adaptabilidad y capacidad para trabajar en entornos diversos. Su inter\u00e9s principal es contribuir a la creaci\u00f3n de ciudades m\u00e1s inclusivas y sostenibles. En Createlli dar\u00e1 apoyo en proyectos participativos y encuestas digitales. Habla castellano, euskera, ingl\u00e9s y catal\u00e1n.     <\/p><\/div><\/div>\t\t\t\t<\/div>\n\t\t\t\t<\/div>\n\t\t\t\t<\/div>\n\t\t\t\t<\/div>\n\t\t<div class=\"elementor-element elementor-element-85a6f87 e-con-full e-flex e-con e-child\" data-id=\"85a6f87\" data-element_type=\"container\">\n\t\t<div class=\"elementor-element elementor-element-b6c98d7 e-con-full e-flex e-con e-child\" data-id=\"b6c98d7\" data-element_type=\"container\">\n\t\t\t\t<div class=\"elementor-element elementor-element-b8308d1 elementor-position-top elementor-widget elementor-widget-image-box\" data-id=\"b8308d1\" data-element_type=\"widget\" data-widget_type=\"image-box.default\">\n\t\t\t\t<div class=\"elementor-widget-container\">\n\t\t\t\t\t<div class=\"elementor-image-box-wrapper\"><figure class=\"elementor-image-box-img\"><a href=\"#\" tabindex=\"-1\"><img loading=\"lazy\" decoding=\"async\" width=\"2560\" height=\"2560\" src=\"https:\/\/createlli.com\/wp-content\/uploads\/2026\/01\/Irene-scaled.jpg\" class=\"elementor-animation-grow attachment-full size-full wp-image-7109\" alt=\"\" srcset=\"https:\/\/createlli.com\/wp-content\/uploads\/2026\/01\/Irene-scaled.jpg 2560w, https:\/\/createlli.com\/wp-content\/uploads\/2026\/01\/Irene-300x300.jpg 300w, https:\/\/createlli.com\/wp-content\/uploads\/2026\/01\/Irene-1024x1024.jpg 1024w, https:\/\/createlli.com\/wp-content\/uploads\/2026\/01\/Irene-150x150.jpg 150w, https:\/\/createlli.com\/wp-content\/uploads\/2026\/01\/Irene-768x768.jpg 768w, https:\/\/createlli.com\/wp-content\/uploads\/2026\/01\/Irene-1536x1536.jpg 1536w, https:\/\/createlli.com\/wp-content\/uploads\/2026\/01\/Irene-2048x2048.jpg 2048w, https:\/\/createlli.com\/wp-content\/uploads\/2026\/01\/Irene-700x700.jpg 700w, https:\/\/createlli.com\/wp-content\/uploads\/2026\/01\/Irene-600x600.jpg 600w\" sizes=\"(max-width: 2560px) 100vw, 2560px\" \/><\/a><\/figure><div class=\"elementor-image-box-content\"><p class=\"elementor-image-box-description\">Irene es arquitecta y actualmente cursa un M\u00e1ster en Planificaci\u00f3n Urbana y de Ciudades, especializ\u00e1ndose en sostenibilidad. Es originaria de San Sebasti\u00e1n, ha vivido en Barcelona en los \u00faltimos a\u00f1os, y ahora se ha unido al equipo de Amberes como becaria. Su formaci\u00f3n acad\u00e9mica y profesional es amplia y multidisciplinar, combinando arquitectura, urbanismo, fabricaci\u00f3n digital, administraci\u00f3n p\u00fablica y gesti\u00f3n de la construcci\u00f3n, lo que le ha proporcionado adaptabilidad y capacidad para trabajar en diversos entornos. Su principal inter\u00e9s es contribuir a la creaci\u00f3n de ciudades m\u00e1s inclusivas y sostenibles. En Createlli, apoyar\u00e1 proyectos participativos y encuestas digitales. Habla castellano, euskera, ingl\u00e9s y catal\u00e1n.     <\/p><\/div><\/div>\t\t\t\t<\/div>\n\t\t\t\t<\/div>\n\t\t\t\t<\/div>\n\t\t<div class=\"elementor-element elementor-element-2b9f0c4 e-con-full e-flex e-con e-child\" data-id=\"2b9f0c4\" data-element_type=\"container\">\n\t\t\t\t<\/div>\n\t\t<div class=\"elementor-element elementor-element-8ef8c93 e-con-full e-flex e-con e-child\" data-id=\"8ef8c93\" data-element_type=\"container\">\n\t\t\t\t<\/div>\n\t\t<div class=\"elementor-element elementor-element-abd3fdd e-con-full e-flex e-con e-child\" data-id=\"abd3fdd\" data-element_type=\"container\">\n\t\t\t\t<\/div>\n\t\t\t\t<\/div>\n\t\t\t\t<div class=\"elementor-element elementor-element-c152874 elementor-widget elementor-widget-heading\" data-id=\"c152874\" data-element_type=\"widget\" data-widget_type=\"heading.default\">\n\t\t\t\t<div class=\"elementor-widget-container\">\n\t\t\t\t\t<h2 class=\"elementor-heading-title elementor-size-default\">Oficina de Bilbao<\/h2>\t\t\t\t<\/div>\n\t\t\t\t<\/div>\n\t\t<div class=\"elementor-element elementor-element-b0c0d6a e-con-full e-flex e-con e-child\" data-id=\"b0c0d6a\" data-element_type=\"container\">\n\t\t<div class=\"elementor-element elementor-element-94a78fa e-con-full e-flex e-con e-child\" data-id=\"94a78fa\" data-element_type=\"container\">\n\t\t\t\t<div class=\"elementor-element elementor-element-ce3991d elementor-position-top elementor-widget elementor-widget-image-box\" data-id=\"ce3991d\" data-element_type=\"widget\" data-widget_type=\"image-box.default\">\n\t\t\t\t<div class=\"elementor-widget-container\">\n\t\t\t\t\t<div class=\"elementor-image-box-wrapper\"><figure class=\"elementor-image-box-img\"><a href=\"#\" tabindex=\"-1\"><img loading=\"lazy\" decoding=\"async\" width=\"440\" height=\"440\" src=\"https:\/\/createlli.com\/wp-content\/uploads\/2024\/08\/IRATI-1.jpg\" class=\"elementor-animation-grow attachment-full size-full wp-image-2885\" alt=\"Irati Alonso - Participation expert\" srcset=\"https:\/\/createlli.com\/wp-content\/uploads\/2024\/08\/IRATI-1.jpg 440w, https:\/\/createlli.com\/wp-content\/uploads\/2024\/08\/IRATI-1-300x300.jpg 300w, https:\/\/createlli.com\/wp-content\/uploads\/2024\/08\/IRATI-1-150x150.jpg 150w\" sizes=\"(max-width: 440px) 100vw, 440px\" \/><\/a><\/figure><div class=\"elementor-image-box-content\"><p class=\"elementor-image-box-description\">Irati trabaja en Creatteli desde 2016. Tiene un m\u00e1ster en Arquitectura (San Sebasti\u00e1n, 2016), y un m\u00e1ster en Urbanismo y Planificaci\u00f3n Urbana (Bilbao, 2017). Antes de incorporarse a Createlli, Irati trabaj\u00f3 en una empresa de consultor\u00eda. En los \u00faltimos a\u00f1os ha realizado diversos proyectos de participaci\u00f3n y dinamizaci\u00f3n social, principalmente relacionados con el urbanismo. Tambi\u00e9n tiene experiencia en la aplicaci\u00f3n de procesos de participaci\u00f3n digital con la plataforma Createlli. En los \u00faltimos a\u00f1os ha trabajado en proyectos de participaci\u00f3n ciudadana con diversos colectivos sociales como: infancia y juventud, personas mayores, entidades locales y perspectiva de g\u00e9nero. Irati habla euskera, castellano e ingl\u00e9s.      <\/p><\/div><\/div>\t\t\t\t<\/div>\n\t\t\t\t<\/div>\n\t\t\t\t<\/div>\n\t\t<div class=\"elementor-element elementor-element-e929056 e-con-full e-flex e-con e-child\" data-id=\"e929056\" data-element_type=\"container\">\n\t\t\t\t<div class=\"elementor-element elementor-element-9a9acb7 elementor-position-top elementor-widget elementor-widget-image-box\" data-id=\"9a9acb7\" data-element_type=\"widget\" data-widget_type=\"image-box.default\">\n\t\t\t\t<div class=\"elementor-widget-container\">\n\t\t\t\t\t<div class=\"elementor-image-box-wrapper\"><figure class=\"elementor-image-box-img\"><a href=\"#\" tabindex=\"-1\"><img loading=\"lazy\" decoding=\"async\" width=\"440\" height=\"440\" src=\"https:\/\/createlli.com\/wp-content\/uploads\/2024\/08\/Jone2-1.jpg\" class=\"elementor-animation-grow attachment-full size-full wp-image-2881\" alt=\"\" srcset=\"https:\/\/createlli.com\/wp-content\/uploads\/2024\/08\/Jone2-1.jpg 440w, https:\/\/createlli.com\/wp-content\/uploads\/2024\/08\/Jone2-1-300x300.jpg 300w, https:\/\/createlli.com\/wp-content\/uploads\/2024\/08\/Jone2-1-150x150.jpg 150w\" sizes=\"(max-width: 440px) 100vw, 440px\" \/><\/a><\/figure><div class=\"elementor-image-box-content\"><p class=\"elementor-image-box-description\">Jone tiene un m\u00e1ster en Arquitectura, una licenciatura en Periferias, sostenibilidad y vitalidad urbana y un m\u00e1ster en Arquitectura del Paisaje . Actualmente es estudiante de doctorado y trabaja en su tesis doctoral sobre urbanismo inclusivo, participaci\u00f3n y dise\u00f1o sostenible. Jone est\u00e1 especializada en la participaci\u00f3n para la planificaci\u00f3n urbana, el desarrollo urbano y la innovaci\u00f3n social. Tiene 20 a\u00f1os de experiencia como arquitecta y 15 en participaci\u00f3n ciudadana. En los \u00faltimos a\u00f1os ha llevado a cabo varios proyectos con ni\u00f1os y j\u00f3venes, as\u00ed como de promoci\u00f3n del emprendimiento, mediaci\u00f3n en conflictos ciudadanos y urbanismo de g\u00e9nero. Desde 2015, Jone colabora estrechamente con Createlli Jone habla castellano, euskera, ingl\u00e9s y franc\u00e9s.     <\/p><\/div><\/div>\t\t\t\t<\/div>\n\t\t\t\t<\/div>\n\t\t\t\t<\/div>\n\t\t<div class=\"elementor-element elementor-element-5a572c5 e-con-full e-flex e-con e-child\" data-id=\"5a572c5\" data-element_type=\"container\">\n\t\t\t\t<\/div>\n\t\t<div class=\"elementor-element elementor-element-ff6de3f e-con-full e-flex e-con e-child\" data-id=\"ff6de3f\" data-element_type=\"container\">\n\t\t\t\t<\/div>\n\t\t\t\t<\/div>\n\t\t\t\t<div class=\"elementor-element elementor-element-07a1dc5 elementor-widget elementor-widget-heading\" data-id=\"07a1dc5\" data-element_type=\"widget\" data-widget_type=\"heading.default\">\n\t\t\t\t<div class=\"elementor-widget-container\">\n\t\t\t\t\t<h2 class=\"elementor-heading-title elementor-size-default\">Oficina de Delhi<\/h2>\t\t\t\t<\/div>\n\t\t\t\t<\/div>\n\t\t<div class=\"elementor-element elementor-element-319cebc e-con-full e-flex e-con e-child\" data-id=\"319cebc\" data-element_type=\"container\">\n\t\t<div class=\"elementor-element elementor-element-b44beb0 e-con-full e-flex e-con e-child\" data-id=\"b44beb0\" data-element_type=\"container\">\n\t\t\t\t<div class=\"elementor-element elementor-element-c38af88 elementor-position-top elementor-widget elementor-widget-image-box\" data-id=\"c38af88\" data-element_type=\"widget\" data-widget_type=\"image-box.default\">\n\t\t\t\t<div class=\"elementor-widget-container\">\n\t\t\t\t\t<div class=\"elementor-image-box-wrapper\"><figure class=\"elementor-image-box-img\"><a href=\"#\" tabindex=\"-1\"><img loading=\"lazy\" decoding=\"async\" width=\"387\" height=\"388\" src=\"https:\/\/createlli.com\/wp-content\/uploads\/2024\/09\/Ashish.jpg\" class=\"elementor-animation-grow attachment-full size-full wp-image-2558\" alt=\"Ashish Verma - Developer\" srcset=\"https:\/\/createlli.com\/wp-content\/uploads\/2024\/09\/Ashish.jpg 387w, https:\/\/createlli.com\/wp-content\/uploads\/2024\/09\/Ashish-300x300.jpg 300w, https:\/\/createlli.com\/wp-content\/uploads\/2024\/09\/Ashish-150x150.jpg 150w\" sizes=\"(max-width: 387px) 100vw, 387px\" \/><\/a><\/figure><div class=\"elementor-image-box-content\"><p class=\"elementor-image-box-description\">Ashish dirige nuestro equipo de desarrollo en Delhi. Tiene un t\u00edtulo universitario en inform\u00e1tica y 9 a\u00f1os de experiencia internacional (India, China, Myanmar y Jap\u00f3n) en desarrollo de aplicaciones web y plataformas colaborativas antes de unirse a Createlli en 2014. \u00bfQu\u00e9 puedes esperar cuando trabajas con Ashish? Le gustan los retos t\u00e9cnicos y a menudo sorprende con soluciones innovadoras y perspectivas fuera de lo com\u00fan. En Createlli, Ashish desarrolla las herramientas y plataformas digitales. Ashish habla con fluidez ingl\u00e9s, hindi y japon\u00e9s.     <\/p><\/div><\/div>\t\t\t\t<\/div>\n\t\t\t\t<\/div>\n\t\t\t\t<\/div>\n\t\t<div class=\"elementor-element elementor-element-bbc4eb9 e-con-full e-flex e-con e-child\" data-id=\"bbc4eb9\" data-element_type=\"container\">\n\t\t\t\t<div class=\"elementor-element elementor-element-47c60c7 elementor-position-top elementor-widget elementor-widget-image-box\" data-id=\"47c60c7\" data-element_type=\"widget\" data-widget_type=\"image-box.default\">\n\t\t\t\t<div class=\"elementor-widget-container\">\n\t\t\t\t\t<div class=\"elementor-image-box-wrapper\"><figure class=\"elementor-image-box-img\"><a href=\"#\" tabindex=\"-1\"><img loading=\"lazy\" decoding=\"async\" width=\"440\" height=\"440\" src=\"https:\/\/createlli.com\/wp-content\/uploads\/2024\/08\/Vishant-square-1.jpg\" class=\"elementor-animation-grow attachment-full size-full wp-image-2887\" alt=\"Vishant Verma - Developer digital participation\" srcset=\"https:\/\/createlli.com\/wp-content\/uploads\/2024\/08\/Vishant-square-1.jpg 440w, https:\/\/createlli.com\/wp-content\/uploads\/2024\/08\/Vishant-square-1-300x300.jpg 300w, https:\/\/createlli.com\/wp-content\/uploads\/2024\/08\/Vishant-square-1-150x150.jpg 150w\" sizes=\"(max-width: 440px) 100vw, 440px\" \/><\/a><\/figure><div class=\"elementor-image-box-content\"><p class=\"elementor-image-box-description\">Vishant es licenciado en Inform\u00e1tica y trabaja como desarrollador en nuestro equipo de Delhi desde 2016. Apoya en el desarrollo de nuestras herramientas y plataforma digitales. Vishant habla hindi e ingl\u00e9s.  <\/p><\/div><\/div>\t\t\t\t<\/div>\n\t\t\t\t<\/div>\n\t\t\t\t<\/div>\n\t\t<div class=\"elementor-element elementor-element-603f053 e-con-full e-flex e-con e-child\" data-id=\"603f053\" data-element_type=\"container\">\n\t\t\t\t<\/div>\n\t\t<div class=\"elementor-element elementor-element-5c45636 e-con-full e-flex e-con e-child\" data-id=\"5c45636\" data-element_type=\"container\">\n\t\t\t\t<\/div>\n\t\t\t\t<\/div>\n\t\t\t\t<\/div>\n\t\t\t\t<\/div>\n\t\t","protected":false},"excerpt":{"rendered":"<p>Nuestro equipo Combinamos distintos conocimientos para afrontar los retos de la participaci\u00f3n Oficina de Amberes Jan es fundador y socio de Createlli, con 30 a\u00f1os de experiencia. Dirige proyectos desafiantes como estratega de procesos y como facilitador, y con la misma facilidad asume un papel de apoyo. Su impulso es reunir las aportaciones de las [&hellip;]<\/p>\n","protected":false},"author":1,"featured_media":0,"parent":0,"menu_order":0,"comment_status":"closed","ping_status":"closed","template":"elementor_theme","meta":{"_acf_changed":false,"ocean_post_layout":"full-width","ocean_both_sidebars_style":"","ocean_both_sidebars_content_width":0,"ocean_both_sidebars_sidebars_width":0,"ocean_sidebar":"","ocean_second_sidebar":"","ocean_disable_margins":"enable","ocean_add_body_class":"","ocean_shortcode_before_top_bar":"","ocean_shortcode_after_top_bar":"","ocean_shortcode_before_header":"","ocean_shortcode_after_header":"","ocean_has_shortcode":"","ocean_shortcode_after_title":"","ocean_shortcode_before_footer_widgets":"","ocean_shortcode_after_footer_widgets":"","ocean_shortcode_before_footer_bottom":"","ocean_shortcode_after_footer_bottom":"","ocean_display_top_bar":"default","ocean_display_header":"default","ocean_header_style":"","ocean_center_header_left_menu":"","ocean_custom_header_template":"","ocean_custom_logo":0,"ocean_custom_retina_logo":0,"ocean_custom_logo_max_width":0,"ocean_custom_logo_tablet_max_width":0,"ocean_custom_logo_mobile_max_width":0,"ocean_custom_logo_max_height":0,"ocean_custom_logo_tablet_max_height":0,"ocean_custom_logo_mobile_max_height":0,"ocean_header_custom_menu":"","ocean_menu_typo_font_family":"","ocean_menu_typo_font_subset":"","ocean_menu_typo_font_size":0,"ocean_menu_typo_font_size_tablet":0,"ocean_menu_typo_font_size_mobile":0,"ocean_menu_typo_font_size_unit":"px","ocean_menu_typo_font_weight":"","ocean_menu_typo_font_weight_tablet":"","ocean_menu_typo_font_weight_mobile":"","ocean_menu_typo_transform":"","ocean_menu_typo_transform_tablet":"","ocean_menu_typo_transform_mobile":"","ocean_menu_typo_line_height":0,"ocean_menu_typo_line_height_tablet":0,"ocean_menu_typo_line_height_mobile":0,"ocean_menu_typo_line_height_unit":"","ocean_menu_typo_spacing":0,"ocean_menu_typo_spacing_tablet":0,"ocean_menu_typo_spacing_mobile":0,"ocean_menu_typo_spacing_unit":"","ocean_menu_link_color":"","ocean_menu_link_color_hover":"","ocean_menu_link_color_active":"","ocean_menu_link_background":"","ocean_menu_link_hover_background":"","ocean_menu_link_active_background":"","ocean_menu_social_links_bg":"","ocean_menu_social_hover_links_bg":"","ocean_menu_social_links_color":"","ocean_menu_social_hover_links_color":"","ocean_disable_title":"on","ocean_disable_heading":"default","ocean_post_title":"","ocean_post_subheading":"","ocean_post_title_style":"","ocean_post_title_background_color":"","ocean_post_title_background":0,"ocean_post_title_bg_image_position":"","ocean_post_title_bg_image_attachment":"","ocean_post_title_bg_image_repeat":"","ocean_post_title_bg_image_size":"","ocean_post_title_height":0,"ocean_post_title_bg_overlay":0.5,"ocean_post_title_bg_overlay_color":"","ocean_disable_breadcrumbs":"default","ocean_breadcrumbs_color":"","ocean_breadcrumbs_separator_color":"","ocean_breadcrumbs_links_color":"","ocean_breadcrumbs_links_hover_color":"","ocean_display_footer_widgets":"default","ocean_display_footer_bottom":"default","ocean_custom_footer_template":"","ofc_meta_disable_footer_callout":"","ofc_meta_callout_button_url":"","ofc_meta_callout_button_txt":"","ofc_meta_callout_text":"","ofc_enable_fullscreen":"disable","ofc_fullscreen_speed":0,"ofc_fullscreen_nav":"enable","ofc_fullscreen_nav_pos":"right","ofc_fullscreen_nav_color":"","ofc_fullscreen_nav_tooltip_color":"","ofc_fullscreen_responsive":0,"osh_disable_topbar_sticky":"default","osh_disable_header_sticky":"default","osh_sticky_header_style":"default","osh_sticky_header_effect":"","osh_custom_sticky_logo":0,"osh_custom_retina_sticky_logo":0,"osh_custom_sticky_logo_height":0,"osh_background_color":"","osh_links_color":"","osh_links_hover_color":"","osh_links_active_color":"","osh_links_bg_color":"","osh_links_hover_bg_color":"","osh_links_active_bg_color":"","osh_menu_social_links_color":"","osh_menu_social_hover_links_color":"","footnotes":""},"class_list":["post-3432","page","type-page","status-publish","hentry","entry"],"acf":[],"yoast_head":"<!-- This site is optimized with the Yoast SEO plugin v25.9 - https:\/\/yoast.com\/wordpress\/plugins\/seo\/ -->\n<title>Equipo - Createlli | Participaci\u00f3n y co-creaci\u00f3n para el dise\u00f1o del espacio p\u00fablico<\/title>\n<meta name=\"description\" content=\"Conoce al Equipo Createlli, que combina distintas especialidades para afrontar los retos de la participaci\u00f3n. Descubre c\u00f3mo nuestros expertos involucran a ciudadanos y partes interesadas para dar forma a los espacios p\u00fablicos.\" \/>\n<meta name=\"robots\" content=\"index, follow, max-snippet:-1, max-image-preview:large, max-video-preview:-1\" \/>\n<link rel=\"canonical\" href=\"https:\/\/createlli.com\/es\/equipo\/\" \/>\n<meta property=\"og:locale\" content=\"es_ES\" \/>\n<meta property=\"og:type\" content=\"article\" \/>\n<meta property=\"og:title\" content=\"Equipo - Createlli | Participaci\u00f3n y co-creaci\u00f3n para el dise\u00f1o del espacio p\u00fablico\" \/>\n<meta property=\"og:description\" content=\"Conoce al Equipo Createlli, que combina distintas especialidades para afrontar los retos de la participaci\u00f3n. Descubre c\u00f3mo nuestros expertos involucran a ciudadanos y partes interesadas para dar forma a los espacios p\u00fablicos.\" \/>\n<meta property=\"og:url\" content=\"https:\/\/createlli.com\/es\/equipo\/\" \/>\n<meta property=\"og:site_name\" content=\"Createlli | Participaci\u00f3n y co-creaci\u00f3n para el dise\u00f1o del espacio p\u00fablico\" \/>\n<meta property=\"article:modified_time\" content=\"2026-03-09T14:48:08+00:00\" \/>\n<meta property=\"og:image\" content=\"https:\/\/createlli.com\/wp-content\/uploads\/2024\/08\/JAN.jpg\" \/>\n\t<meta property=\"og:image:width\" content=\"440\" \/>\n\t<meta property=\"og:image:height\" content=\"440\" \/>\n\t<meta property=\"og:image:type\" content=\"image\/jpeg\" \/>\n<meta name=\"twitter:card\" content=\"summary_large_image\" \/>\n<meta name=\"twitter:label1\" content=\"Tiempo de lectura\" \/>\n\t<meta name=\"twitter:data1\" content=\"7 minutos\" \/>\n<script type=\"application\/ld+json\" class=\"yoast-schema-graph\">{\"@context\":\"https:\/\/schema.org\",\"@graph\":[{\"@type\":\"WebPage\",\"@id\":\"https:\/\/createlli.com\/es\/equipo\/\",\"url\":\"https:\/\/createlli.com\/es\/equipo\/\",\"name\":\"Equipo - Createlli | Participaci\u00f3n y co-creaci\u00f3n para el dise\u00f1o del espacio p\u00fablico\",\"isPartOf\":{\"@id\":\"https:\/\/createlli.com\/#website\"},\"primaryImageOfPage\":{\"@id\":\"https:\/\/createlli.com\/es\/equipo\/#primaryimage\"},\"image\":{\"@id\":\"https:\/\/createlli.com\/es\/equipo\/#primaryimage\"},\"thumbnailUrl\":\"https:\/\/createlli.com\/wp-content\/uploads\/2024\/08\/JAN.jpg\",\"datePublished\":\"2024-08-28T07:53:43+00:00\",\"dateModified\":\"2026-03-09T14:48:08+00:00\",\"description\":\"Conoce al Equipo Createlli, que combina distintas especialidades para afrontar los retos de la participaci\u00f3n. Descubre c\u00f3mo nuestros expertos involucran a ciudadanos y partes interesadas para dar forma a los espacios p\u00fablicos.\",\"breadcrumb\":{\"@id\":\"https:\/\/createlli.com\/es\/equipo\/#breadcrumb\"},\"inLanguage\":\"es\",\"potentialAction\":[{\"@type\":\"ReadAction\",\"target\":[\"https:\/\/createlli.com\/es\/equipo\/\"]}]},{\"@type\":\"ImageObject\",\"inLanguage\":\"es\",\"@id\":\"https:\/\/createlli.com\/es\/equipo\/#primaryimage\",\"url\":\"https:\/\/createlli.com\/wp-content\/uploads\/2024\/08\/JAN.jpg\",\"contentUrl\":\"https:\/\/createlli.com\/wp-content\/uploads\/2024\/08\/JAN.jpg\"},{\"@type\":\"BreadcrumbList\",\"@id\":\"https:\/\/createlli.com\/es\/equipo\/#breadcrumb\",\"itemListElement\":[{\"@type\":\"ListItem\",\"position\":1,\"name\":\"Home\",\"item\":\"https:\/\/createlli.com\/es\/inicio\/\"},{\"@type\":\"ListItem\",\"position\":2,\"name\":\"Equipo\"}]},{\"@type\":\"WebSite\",\"@id\":\"https:\/\/createlli.com\/#website\",\"url\":\"https:\/\/createlli.com\/\",\"name\":\"Createlli | Participaci\u00f3n y co-creaci\u00f3n para el dise\u00f1o del espacio p\u00fablico\",\"description\":\"Createlli sparks change through participation and co-creation, shaping society in spatial planning, mobility, climate, sustainability, and quality of life.\",\"publisher\":{\"@id\":\"https:\/\/createlli.com\/#organization\"},\"potentialAction\":[{\"@type\":\"SearchAction\",\"target\":{\"@type\":\"EntryPoint\",\"urlTemplate\":\"https:\/\/createlli.com\/?s={search_term_string}\"},\"query-input\":{\"@type\":\"PropertyValueSpecification\",\"valueRequired\":true,\"valueName\":\"search_term_string\"}}],\"inLanguage\":\"es\"},{\"@type\":\"Organization\",\"@id\":\"https:\/\/createlli.com\/#organization\",\"name\":\"Createlli | Participaci\u00f3n y co-creaci\u00f3n para el dise\u00f1o del espacio p\u00fablico\",\"url\":\"https:\/\/createlli.com\/\",\"logo\":{\"@type\":\"ImageObject\",\"inLanguage\":\"es\",\"@id\":\"https:\/\/createlli.com\/#\/schema\/logo\/image\/\",\"url\":\"https:\/\/createlli.com\/wp-content\/uploads\/2024\/08\/cropped-Createlli-logo-white_2.png\",\"contentUrl\":\"https:\/\/createlli.com\/wp-content\/uploads\/2024\/08\/cropped-Createlli-logo-white_2.png\",\"width\":144,\"height\":31,\"caption\":\"Createlli | Participaci\u00f3n y co-creaci\u00f3n para el dise\u00f1o del espacio p\u00fablico\"},\"image\":{\"@id\":\"https:\/\/createlli.com\/#\/schema\/logo\/image\/\"}}]}<\/script>\n<!-- \/ Yoast SEO plugin. -->","yoast_head_json":{"title":"Equipo - Createlli | Participaci\u00f3n y co-creaci\u00f3n para el dise\u00f1o del espacio p\u00fablico","description":"Conoce al Equipo Createlli, que combina distintas especialidades para afrontar los retos de la participaci\u00f3n. Descubre c\u00f3mo nuestros expertos involucran a ciudadanos y partes interesadas para dar forma a los espacios p\u00fablicos.","robots":{"index":"index","follow":"follow","max-snippet":"max-snippet:-1","max-image-preview":"max-image-preview:large","max-video-preview":"max-video-preview:-1"},"canonical":"https:\/\/createlli.com\/es\/equipo\/","og_locale":"es_ES","og_type":"article","og_title":"Equipo - Createlli | Participaci\u00f3n y co-creaci\u00f3n para el dise\u00f1o del espacio p\u00fablico","og_description":"Conoce al Equipo Createlli, que combina distintas especialidades para afrontar los retos de la participaci\u00f3n. Descubre c\u00f3mo nuestros expertos involucran a ciudadanos y partes interesadas para dar forma a los espacios p\u00fablicos.","og_url":"https:\/\/createlli.com\/es\/equipo\/","og_site_name":"Createlli | Participaci\u00f3n y co-creaci\u00f3n para el dise\u00f1o del espacio p\u00fablico","article_modified_time":"2026-03-09T14:48:08+00:00","og_image":[{"width":440,"height":440,"url":"https:\/\/createlli.com\/wp-content\/uploads\/2024\/08\/JAN.jpg","type":"image\/jpeg"}],"twitter_card":"summary_large_image","twitter_misc":{"Tiempo de lectura":"7 minutos"},"schema":{"@context":"https:\/\/schema.org","@graph":[{"@type":"WebPage","@id":"https:\/\/createlli.com\/es\/equipo\/","url":"https:\/\/createlli.com\/es\/equipo\/","name":"Equipo - Createlli | Participaci\u00f3n y co-creaci\u00f3n para el dise\u00f1o del espacio p\u00fablico","isPartOf":{"@id":"https:\/\/createlli.com\/#website"},"primaryImageOfPage":{"@id":"https:\/\/createlli.com\/es\/equipo\/#primaryimage"},"image":{"@id":"https:\/\/createlli.com\/es\/equipo\/#primaryimage"},"thumbnailUrl":"https:\/\/createlli.com\/wp-content\/uploads\/2024\/08\/JAN.jpg","datePublished":"2024-08-28T07:53:43+00:00","dateModified":"2026-03-09T14:48:08+00:00","description":"Conoce al Equipo Createlli, que combina distintas especialidades para afrontar los retos de la participaci\u00f3n. Descubre c\u00f3mo nuestros expertos involucran a ciudadanos y partes interesadas para dar forma a los espacios p\u00fablicos.","breadcrumb":{"@id":"https:\/\/createlli.com\/es\/equipo\/#breadcrumb"},"inLanguage":"es","potentialAction":[{"@type":"ReadAction","target":["https:\/\/createlli.com\/es\/equipo\/"]}]},{"@type":"ImageObject","inLanguage":"es","@id":"https:\/\/createlli.com\/es\/equipo\/#primaryimage","url":"https:\/\/createlli.com\/wp-content\/uploads\/2024\/08\/JAN.jpg","contentUrl":"https:\/\/createlli.com\/wp-content\/uploads\/2024\/08\/JAN.jpg"},{"@type":"BreadcrumbList","@id":"https:\/\/createlli.com\/es\/equipo\/#breadcrumb","itemListElement":[{"@type":"ListItem","position":1,"name":"Home","item":"https:\/\/createlli.com\/es\/inicio\/"},{"@type":"ListItem","position":2,"name":"Equipo"}]},{"@type":"WebSite","@id":"https:\/\/createlli.com\/#website","url":"https:\/\/createlli.com\/","name":"Createlli | Participaci\u00f3n y co-creaci\u00f3n para el dise\u00f1o del espacio p\u00fablico","description":"Createlli sparks change through participation and co-creation, shaping society in spatial planning, mobility, climate, sustainability, and quality of life.","publisher":{"@id":"https:\/\/createlli.com\/#organization"},"potentialAction":[{"@type":"SearchAction","target":{"@type":"EntryPoint","urlTemplate":"https:\/\/createlli.com\/?s={search_term_string}"},"query-input":{"@type":"PropertyValueSpecification","valueRequired":true,"valueName":"search_term_string"}}],"inLanguage":"es"},{"@type":"Organization","@id":"https:\/\/createlli.com\/#organization","name":"Createlli | Participaci\u00f3n y co-creaci\u00f3n para el dise\u00f1o del espacio p\u00fablico","url":"https:\/\/createlli.com\/","logo":{"@type":"ImageObject","inLanguage":"es","@id":"https:\/\/createlli.com\/#\/schema\/logo\/image\/","url":"https:\/\/createlli.com\/wp-content\/uploads\/2024\/08\/cropped-Createlli-logo-white_2.png","contentUrl":"https:\/\/createlli.com\/wp-content\/uploads\/2024\/08\/cropped-Createlli-logo-white_2.png","width":144,"height":31,"caption":"Createlli | Participaci\u00f3n y co-creaci\u00f3n para el dise\u00f1o del espacio p\u00fablico"},"image":{"@id":"https:\/\/createlli.com\/#\/schema\/logo\/image\/"}}]}},"_links":{"self":[{"href":"https:\/\/createlli.com\/es\/wp-json\/wp\/v2\/pages\/3432","targetHints":{"allow":["GET"]}}],"collection":[{"href":"https:\/\/createlli.com\/es\/wp-json\/wp\/v2\/pages"}],"about":[{"href":"https:\/\/createlli.com\/es\/wp-json\/wp\/v2\/types\/page"}],"author":[{"embeddable":true,"href":"https:\/\/createlli.com\/es\/wp-json\/wp\/v2\/users\/1"}],"replies":[{"embeddable":true,"href":"https:\/\/createlli.com\/es\/wp-json\/wp\/v2\/comments?post=3432"}],"version-history":[{"count":14,"href":"https:\/\/createlli.com\/es\/wp-json\/wp\/v2\/pages\/3432\/revisions"}],"predecessor-version":[{"id":7408,"href":"https:\/\/createlli.com\/es\/wp-json\/wp\/v2\/pages\/3432\/revisions\/7408"}],"wp:attachment":[{"href":"https:\/\/createlli.com\/es\/wp-json\/wp\/v2\/media?parent=3432"}],"curies":[{"name":"wp","href":"https:\/\/api.w.org\/{rel}","templated":true}]}}